{"id":12101,"date":"2021-09-16T08:07:31","date_gmt":"2021-09-16T07:07:31","guid":{"rendered":"https:\/\/www.wroblewski.krakow.pl\/?page_id=12101"},"modified":"2022-11-03T17:24:25","modified_gmt":"2022-11-03T16:24:25","slug":"aktualnosci-2021-2022","status":"publish","type":"page","link":"https:\/\/www.wroblewski.krakow.pl\/?page_id=12101","title":{"rendered":"Aktualno\u015bci 2021-2022"},"content":{"rendered":"<p>&nbsp;<\/p>\n<p><a href=\"https:\/\/www.wroblewski.krakow.pl\/?p=13476\">25.08.2022, Podpisanie listu intencyjnego o podj\u0119ciu wsp\u00f3\u0142pracy z Okr\u0119gow\u0105 Rad\u0105 Adwokack\u0105<\/a><\/p>\n<p><a href=\"https:\/\/www.wroblewski.krakow.pl\/?p=13467\">16.08.2022, Uczennica \u201eWr\u00f3blewskiego\u201d w finale IX edycji mi\u0119dzynarodowego konkursu literackiego<\/a><\/p>\n<p><a href=\"https:\/\/www.wroblewski.krakow.pl\/?p=13452\">19.07.2022, Rekrutacja do klas pierwszych na rok szkolny 2022-2023<\/a><\/p>\n<p><a href=\"https:\/\/www.wroblewski.krakow.pl\/?p=13438\">01.07.2022, Praca sekretariatu w okresie wakacji<\/a><\/p>\n<p><a href=\"https:\/\/www.wroblewski.krakow.pl\/?p=13442\">30,06.2022, Wydanie \u015bwiadectw z wynikami egzamin\u00f3w maturalnych<\/a><\/p>\n<p><a href=\"https:\/\/www.wroblewski.krakow.pl\/?p=13420\">25.06.2022, Uroczysto\u015b\u0107 zako\u0144czenia roku szkolnego 2021-2022<\/a><\/p>\n<p><a href=\"https:\/\/www.wroblewski.krakow.pl\/?p=13413\">23.06.2022, Lekcje muzealne dla uczni\u00f3w klas 2a i 3c w Muzeum Narodowym<\/a><\/p>\n<p><a href=\"https:\/\/www.wroblewski.krakow.pl\/?p=13430\">17.06.2022, Szkolny Turniej Szachowy IX LO<\/a><\/p>\n<p><a href=\"https:\/\/www.wroblewski.krakow.pl\/?p=13375\">16.06.2022, Zapowied\u017a wakacji&#8230;, czyli wycieczka integracyjna klas drugich<\/a><\/p>\n<p><a href=\"https:\/\/www.wroblewski.krakow.pl\/?p=13361\">15.06.2022, Klasa 3a w Muzeum Geologicznym AGH<\/a><\/p>\n<p><a href=\"https:\/\/www.wroblewski.krakow.pl\/?p=13329\">14.06.2022, Wycieczka krajoznawczo-integracyjna do Doliny B\u0119dkowskiej<\/a><\/p>\n<p><a href=\"https:\/\/www.wroblewski.krakow.pl\/?p=13316\">13.06.2022,\u00a0Wyniki szkolnego konkursu wiedzy o Szwajcarii \u201eEine kleine Reise durch die Schweiz\u201c<\/a><\/p>\n<p><a href=\"https:\/\/www.wroblewski.krakow.pl\/?p=13312\">9.06.2022,\u00a0Klasa 2a na wycieczce w Rytrze<\/a><\/p>\n<p><a href=\"Klasa 1b i 1u na spektaklu teatru profilaktycznego\">8.06.2022,\u00a0Klasa 1b i 1u na spektaklu teatru profilaktycznego<\/a><\/p>\n<p><a href=\"https:\/\/www.wroblewski.krakow.pl\/?p=13305\">7.06.2022,\u00a0\u201eNauk przemo\u017cnych per\u0142a\u201d \u2013 klasa 1e w Collegium Maius<\/a><\/p>\n<p><a href=\"https:\/\/www.wroblewski.krakow.pl\/?p=13262\">7.06.2022,\u00a0\u201eBalladyna\u201d w Teatrze STU<\/a><\/p>\n<p><a href=\"https:\/\/www.wroblewski.krakow.pl\/?p=13253\">6.06.2022,\u00a0Wyniki konkurs\u00f3w szkolnej sesji polonistycznej<\/a><\/p>\n<p><a href=\"https:\/\/www.wroblewski.krakow.pl\/?p=13244\">3.06.2022,\u00a0Konkurs Wiedzy o Francji i W\u0142oszech \u2013 wyniki<\/a><\/p>\n<p><a href=\"https:\/\/www.wroblewski.krakow.pl\/?p=13228\">2.06.2022,\u00a0Uroczysto\u015b\u0107 podpisania i wmurowania aktu erekcyjnego pod budow\u0119 hali sportowej przy IX Liceum<\/a><\/p>\n<p><a href=\"https:\/\/www.wroblewski.krakow.pl\/?p=13235\">1.06.2022,\u00a0Klasa 1e na plenerowej lekcji o baroku<\/a><\/p>\n<p><a href=\"https:\/\/www.wroblewski.krakow.pl\/?p=13215\">31.05.2022,\u00a0Wa\u017cny Komunikat Biblioteki<\/a><\/p>\n<p><a href=\"https:\/\/www.wroblewski.krakow.pl\/?p=13209\">30.05.2022,\u00a0Wyniki szkolnego konkursu \u201eChemik roku\u201d<\/a><\/p>\n<p><a href=\"https:\/\/www.wroblewski.krakow.pl\/?p=13200\">27.05.2022,\u00a0Lekcja j\u0119zyka polskiego klasy 3c w \u201eRydl\u00f3wce\u201d<\/a><\/p>\n<p><a href=\"https:\/\/www.wroblewski.krakow.pl\/?p=13194\">26.05.2022,\u00a0Klasa 2d na wystawie \u201eJacek Malczewski romantyczny\u201d<\/a><\/p>\n<p><a href=\"https:\/\/www.wroblewski.krakow.pl\/?p=13189\">25.05.2022,\u00a0Uczennice \u201eWr\u00f3blewskiego\u201d laureatkami 42. Ma\u0142opolskiego Festiwalu Artystycznego<\/a><\/p>\n<p><a href=\"https:\/\/www.wroblewski.krakow.pl\/?p=13160\">24.05.2022,\u00a0\u201ePrzed oczyma duszy mojej\u2026\u201d \u2013 konkurs plastyczny<\/a><\/p>\n<p><a href=\"https:\/\/www.wroblewski.krakow.pl\/?p=13152\">24.05.2022,\u00a0Konkursy o Francji i Italii<\/a><\/p>\n<p><a href=\"https:\/\/www.wroblewski.krakow.pl\/?p=13147\">23.05.2022,\u00a0Zbi\u00f3rka pieni\u0119\u017cna na leczenie dla malutkiej Poli<\/a><\/p>\n<p><a href=\"https:\/\/www.wroblewski.krakow.pl\/?p=13140\">20.05.2022,\u00a0Wyniki pierwszego etapu szkolnego konkursu \u201eChemik IX LO roku 2021\/2022\u2033<\/a><\/p>\n<p><a href=\"https:\/\/www.wroblewski.krakow.pl\/?p=13131\">19.05.2022,\u00a0Wyr\u00f3\u017cnienia dla uczennic \u201eWr\u00f3blewskiego\u201d w wojew\u00f3dzkich konkursach \u201eW kr\u0119gu mit\u00f3w i kultury antycznej<\/a><\/p>\n<p><a href=\"https:\/\/www.wroblewski.krakow.pl\/?p=13128\">13.05.2022,\u00a0Zaproszenie do udzia\u0142u w szkolnej sesji polonistycznej<\/a><\/p>\n<p><a href=\"https:\/\/www.wroblewski.krakow.pl\/?p=13122\">12.05.2022,\u00a0Szkolny konkurs chemiczny<\/a><\/p>\n<p><a href=\"https:\/\/www.wroblewski.krakow.pl\/?p=13217\">8.05.2022,\u00a0Klasa 3b w \u201eRydl\u00f3wce\u201d<\/a><\/p>\n<p><a href=\"https:\/\/www.wroblewski.krakow.pl\/?p=13111\">4.05.2022,\u00a0\u017byczenia dla Maturzyst\u00f3w 2022<\/a><\/p>\n<p><a href=\"https:\/\/www.wroblewski.krakow.pl\/?p=13114\">29.04.2022,\u00a0Uroczyste zako\u0144czenie szko\u0142y przez uczni\u00f3w klas trzecich<\/a><\/p>\n<p><a href=\"https:\/\/www.wroblewski.krakow.pl\/?p=13078\">28.04.2022, Festiwal J\u0119zyka Angielskiego \u2013 wyniki konkurs\u00f3w<\/a><\/p>\n<p><a href=\"https:\/\/www.wroblewski.krakow.pl\/?p=13033\">22.04.2022,\u00a0II miejsce w etapie regionalnym konkursu TURBOLANDESKUNDE \u2013 DEUTSCHLAND<\/a><\/p>\n<p><a href=\"https:\/\/www.wroblewski.krakow.pl\/?p=13004\">21.04.2022,\u00a0Dzie\u0144 otwarty dla kandydat\u00f3w do klas pierwszych<\/a><\/p>\n<p><a href=\"https:\/\/www.wroblewski.krakow.pl\/?p=12987\">16.04.2022,\u00a0\u017byczenia na Wielkanoc 2022<\/a><\/p>\n<p><a href=\"https:\/\/www.wroblewski.krakow.pl\/?p=12997\">14.04.2022,\u00a0Spotkanie uczni\u00f3w klasy 3i z filozofi\u0105<\/a><\/p>\n<p><a href=\"https:\/\/www.wroblewski.krakow.pl\/?p=12993\">13.04.2022,\u00a0Polsko-w\u0142oskie spotkanie z uczniami z Ferrary<\/a><\/p>\n<p><a href=\"https:\/\/www.wroblewski.krakow.pl\/?p=13038\">12.04.2022,\u00a0Mecze towarzyskie reprezentant\u00f3w \u201eWr\u00f3blewskiego\u201d ze Szko\u0142\u0105 Mi\u0119dzynarodow\u0105 z Lusiny<\/a><\/p>\n<p><a href=\"https:\/\/www.wroblewski.krakow.pl\/?p=12957\">11.04.2022,\u00a0\u201ePoeta malarstwa i malarz poezji\u201d<\/a><\/p>\n<p><a href=\"https:\/\/www.wroblewski.krakow.pl\/?p=12948\">9.04.2022,\u00a03F w Krakowskim Salonie Ekonomicznym NBP<\/a><\/p>\n<p><a href=\"https:\/\/www.wroblewski.krakow.pl\/?p=12943\">8.04.2022,\u00a0Wyniki konkursu z j\u0119zyka niemieckiego \u201eTurbolandeskunde\u201d<\/a><\/p>\n<p><a href=\"https:\/\/www.wroblewski.krakow.pl\/?p=12927\">6.04.2022,\u00a0Nagroda im. Antoniego Weyssenhoffa<\/a><\/p>\n<p><a href=\"https:\/\/www.wroblewski.krakow.pl\/?p=12921\">5.04.2022,\u00a042 Ma\u0142opolski Festiwal Artystyczny M\u0142odzie\u017cy<\/a><\/p>\n<p><a href=\"https:\/\/www.wroblewski.krakow.pl\/?p=12902\">1.04.2022,\u00a0Komunikat Biblioteki dot. klas maturalnych ws. zwrotu ksi\u0105\u017cek<\/a><\/p>\n<p><a href=\"https:\/\/www.wroblewski.krakow.pl\/?p=12909\">30.03.2022, Pi\u0142ka siatkowa dziewcz\u0105t<\/a><\/p>\n<p><a href=\"https:\/\/www.wroblewski.krakow.pl\/?p=12890\">30.03.2022,\u00a0Ostatnia droga Krakowianina \u2013 maestro Krzysztofa Pendereckiego<\/a><\/p>\n<p><a href=\"https:\/\/www.wroblewski.krakow.pl\/?p=12881\">29.03.2022,\u00a0Uczniowie \u201eWr\u00f3blewskiego\u201d w og\u00f3lnopolskim projekcie dla szk\u00f3\u0142 ponadpodstawowych \u201eDow\u00f3d to\u017csamo\u015bci\u201d<\/a><\/p>\n<p><a href=\"https:\/\/www.wroblewski.krakow.pl\/?p=12862\">28.03.2022,\u00a0VI Ma\u0142opolski Turniej Debat Historycznych<\/a><\/p>\n<p><a href=\"https:\/\/www.wroblewski.krakow.pl\/?p=12852\">25.03.2022,\u00a0Wr\u0119czenie dyplom\u00f3w stypendystom Prezesa Rady Ministr\u00f3w<\/a><\/p>\n<p><a href=\"https:\/\/www.wroblewski.krakow.pl\/?p=12914\">24.03.2022,\u00a0Pi\u0142ka siatkowa ch\u0142opc\u00f3w<\/a><\/p>\n<p><a href=\"https:\/\/www.wroblewski.krakow.pl\/?p=12850\">23.03.2022,\u00a0List do Rodzic\u00f3w od Pani Anny Korfel-Jasi\u0144skiej, Zast\u0119pcy Prezydenta Miasta Krakowa ds. Edukacji, Sportu i Turystyki<\/a><\/p>\n<p><a href=\"https:\/\/www.wroblewski.krakow.pl\/?p=12844\">23.03.2022,\u00a0Plebiscyt ksi\u0105\u017ckowy<\/a><\/p>\n<p><a href=\"https:\/\/www.wroblewski.krakow.pl\/?p=12841\">21.03.2022,\u00a0Etap szkolny konkursu Wiedzy Chemicznej<\/a><\/p>\n<p><a href=\"https:\/\/www.wroblewski.krakow.pl\/?p=12834\">18.03.2022,\u00a0Brak wolnych miejsc w oddziale przygotowawczym<\/a><\/p>\n<p><a href=\"https:\/\/www.wroblewski.krakow.pl\/?p=12830\">18.03.2022,\u00a0Zbi\u00f3rka dar\u00f3w na rzecz zwierz\u0105t z Ukrainy<\/a><\/p>\n<p><a href=\"https:\/\/www.wroblewski.krakow.pl\/?p=12827\">18.03.2022,\u00a0Konkurs literacko-fotograficzny<\/a><\/p>\n<p><a href=\"https:\/\/www.wroblewski.krakow.pl\/?p=12819\">17.03.2022,\u00a0Reprezentacja \u201eWr\u00f3blewskiego\u201d w Mistrzostwach Krakowa w koszyk\u00f3wce<\/a><\/p>\n<p><a href=\"https:\/\/www.wroblewski.krakow.pl\/?p=12799\">10.03.2022,\u00a0\u201eWr\u00f3blewski\u201d w Finale Mistrzostw Polski Debat Oksfordzkich<\/a><\/p>\n<p><a href=\"https:\/\/www.wroblewski.krakow.pl\/?p=12877\">08.03.2022,\u00a0\u201eDzie\u0144 Ukrainki\u201d oraz kiermasz ciast na rzecz Ukrainy<\/a><\/p>\n<p><a href=\"https:\/\/www.wroblewski.krakow.pl\/?p=12783\">03.03.2022,\u00a0Jak mo\u017cna pom\u00f3c Ukrai\u0144com, kt\u00f3rzy dotarli do Krakowa? Bie\u017c\u0105ce informacje.<\/a><\/p>\n<p><a href=\"https:\/\/www.wroblewski.krakow.pl\/?p=12777\">02.03.2022,\u00a0Pami\u0119tamy o \u201e\u017bo\u0142nierzach Wykl\u0119tych\u201d<\/a><\/p>\n<p><a href=\"https:\/\/www.wroblewski.krakow.pl\/?p=12764\">01.03.2022,\u00a0Zbi\u00f3rka rzeczowa i pieni\u0119\u017cna dla Ukrainy<\/a><\/p>\n<p><a href=\"https:\/\/www.wroblewski.krakow.pl\/?p=12770\">01.03.2022,\u00a0Godziny pracy biblioteki od dnia 1 marca 2022 roku<\/a><\/p>\n<p><a href=\"https:\/\/www.wroblewski.krakow.pl\/?p=12760\">28.02.2022,\u00a0Zg\u0142aszanie miejsc noclegowych dla uchod\u017ac\u00f3w z Ukrainy<\/a><\/p>\n<p><a href=\"https:\/\/www.wroblewski.krakow.pl\/?p=12758\">27.02.2022,\u00a0Informacja w sprawie pobytu w Polsce os\u00f3b uciekaj\u0105cych z Ukrainy<\/a><\/p>\n<p><a href=\"https:\/\/www.wroblewski.krakow.pl\/?p=12752\">25.02.2022,\u00a0Wsparcie dla Ukrainy i jej obywateli<\/a><\/p>\n<p><a href=\"https:\/\/www.wroblewski.krakow.pl\/?p=12742\">21.02.2022,\u00a0Uruchomienie szkolnego Instagrama<\/a><\/p>\n<p><a href=\"https:\/\/www.wroblewski.krakow.pl\/?p=12742\">17.02.2022,\u00a0Mo\u017cliwo\u015b\u0107 skorzystania z biblioteki w dniu 18 lutego 2022 r.<\/a><\/p>\n<p><a href=\"https:\/\/www.wroblewski.krakow.pl\/?p=12730\">07.02.2022,\u00a0Ankieta i konkurs Urz\u0119du Miasta Krakowa oraz Wydzia\u0142u Polityki Spo\u0142ecznej i Zdrowia<\/a><\/p>\n<p><a href=\"https:\/\/www.wroblewski.krakow.pl\/?p=12721\">04.02.2022,\u00a0Gratulujemy zwyci\u0119zcom szkolnego konkursu \u201eEuropa na talerzu\u201d!<\/a><\/p>\n<p><a href=\"https:\/\/www.wroblewski.krakow.pl\/?p=12716\">03.02.2022,\u00a0Mo\u017cliwo\u015b\u0107 skorzystania z biblioteki w dniu 4 lutego 2022 r.<\/a><\/p>\n<p><a href=\"https:\/\/www.wroblewski.krakow.pl\/?p=12710\">02.02.2022, Tydzie\u0144 Filmu Niemieckiego<\/a><\/p>\n<p><a href=\"https:\/\/www.wroblewski.krakow.pl\/?p=12700\">30.01.2021,\u00a0\u201eWr\u00f3blewski\u201d w sztabie WO\u015aP<\/a><\/p>\n<p><a href=\"https:\/\/www.wroblewski.krakow.pl\/?p=12680\">11.01.2021,\u00a0IV Og\u00f3lnopolski Konkurs Wiedzy o Republice S\u0142owackiej<\/a><\/p>\n<p><a href=\"https:\/\/www.wroblewski.krakow.pl\/?p=12674\">3.01.2021,\u00a0Mo\u017cliwo\u015b\u0107 skorzystania z biblioteki w dniu 4 stycznia 2022 r.<\/a><\/p>\n<p><a href=\"https:\/\/www.wroblewski.krakow.pl\/?p=12669\">22.12.2021,\u00a0\u017byczenia z okazji \u015awi\u0105t Bo\u017cego Narodzenia i Nowego Roku 2022<\/a><\/p>\n<p><a href=\"https:\/\/www.wroblewski.krakow.pl\/?p=12663\">21.12.2021,\u00a0Klasa 3h w Muzeum Katedry Anatomii UJ<\/a><\/p>\n<p><a href=\"https:\/\/www.wroblewski.krakow.pl\/?p=12660\">20.12.2021,\u00a0Mo\u017cliwo\u015b\u0107 skorzystania z biblioteki w dniu 21 grudnia2021 r.<\/a><\/p>\n<p><a href=\"https:\/\/www.wroblewski.krakow.pl\/?p=12643\">17.12.2021,\u00a0\u015awi\u0105teczne pieczenie ciasteczek na lekcjach niemieckiego<\/a><\/p>\n<p><a href=\"https:\/\/www.wroblewski.krakow.pl\/?p=12640\">16.12.2021,\u00a0Brawa dla Hani Kloski z klasy 3f<\/a><\/p>\n<p><a href=\"https:\/\/www.wroblewski.krakow.pl\/?p=12632\">15.12.2021,\u00a0\u201eWr\u00f3blewski\u201d w turnieju Szko\u0142y Debaty<\/a><\/p>\n<p><a href=\"https:\/\/www.wroblewski.krakow.pl\/?p=12626\">14.12.2021,\u00a0Zaproszenie do kolejnej edycji Konkursu \u201eEuropa na talerzu\u201d<\/a><\/p>\n<p><a href=\"https:\/\/www.wroblewski.krakow.pl\/?p=12584\">13.12.2021,\u00a040. rocznica wprowadzenia Stanu Wojennego w Polsce<\/a><\/p>\n<p><a href=\"https:\/\/www.wroblewski.krakow.pl\/?p=12604\">11.12.2021,\u00a0Spotkanie ze \u015bwiadkami historii Leszkiem Jaranowskim i Kazimierzem \u0141apczy\u0144skim w 40-st\u0105 rocznic\u0119 wprowadzenia Stanu Wojennego w Polsce<\/a><\/p>\n<p><a href=\"https:\/\/www.wroblewski.krakow.pl\/?p=12580\">8.12.2021,\u00a0Przedstawiciele \u201eWr\u00f3blewskiego\u201d w II Tematycznym Turnieju Historycznym<\/a><\/p>\n<p><a href=\"https:\/\/www.wroblewski.krakow.pl\/?p=12576\">7.12.2021,\u00a0Wymiana online ze szko\u0142\u0105 w Weronie we W\u0142oszech<\/a><\/p>\n<p><a href=\"https:\/\/www.wroblewski.krakow.pl\/?p=12569\">6.12.2021,\u00a0Wyk\u0142ady o dzia\u0142alno\u015bci naukowej prof. Zygmunta Wr\u00f3blewskiego, patrona szko\u0142y<\/a><\/p>\n<p><a href=\"https:\/\/www.wroblewski.krakow.pl\/?p=12615\">6.12.2021,\u00a0Miko\u0142ajki \u201eWr\u00f3blewskiego\u201d<\/a><\/p>\n<p><a href=\"https:\/\/www.wroblewski.krakow.pl\/?p=12561\">3.12.2021,\u00a0Inauguracja XIX edycji Szko\u0142y Debaty<\/a><\/p>\n<p><a href=\"https:\/\/www.wroblewski.krakow.pl\/?p=12607\">26.11.2021,\u00a0Udzia\u0142 SU w konferencji \u201eRazem mo\u017cemy wi\u0119cej!\u201d<\/a><\/p>\n<p><a href=\"https:\/\/www.wroblewski.krakow.pl\/?p=12535\">22.11.2021,\u00a0Wesprzyjmy wsp\u00f3lnie naszych Rodak\u00f3w na Kresach<\/a><\/p>\n<p><a href=\"https:\/\/www.wroblewski.krakow.pl\/?p=12520\">18.11.2021,\u00a0Podsumowanie wrze\u015bniowo \u2013 pa\u017adziernikowych dzia\u0142a\u0144 Wolontariatu w naszym Liceum<\/a><\/p>\n<p><a href=\"https:\/\/www.wroblewski.krakow.pl\/?p=12509\">17.11.2021,\u00a0Patron szko\u0142y \u2013 prof. Zygmunt Wr\u00f3blewski \u2013 spocz\u0105\u0142 w Panteonie Narodowym<\/a><\/p>\n<p><a href=\"https:\/\/www.wroblewski.krakow.pl\/?p=12469\">11.11.2021,\u00a0Szko\u0142a do hymnu\u2026<\/a><\/p>\n<p><a href=\"https:\/\/www.wroblewski.krakow.pl\/?p=12440\">9.11.2021,\u00a0Wizyta klas 3e i 3g w Miejscu Pami\u0119ci i Muzeum Auschwitz-Birkenau, by\u0142ym Niemieckim Nazistowskim Obozie Koncentracyjnym i Zag\u0142ady<\/a><\/p>\n<p><a href=\"https:\/\/www.wroblewski.krakow.pl\/?p=12427\">6.11.2021,\u00a0Akcja SU \u201eSzcz\u0119\u015bliwa dziewi\u0105tka\u201d<\/a><\/p>\n<p><a href=\"https:\/\/www.wroblewski.krakow.pl\/?p=12423\">4.11.2021,\u00a0Klasa 2e krakowskim \u015bladem poety Georga Trakla<\/a><\/p>\n<p><a href=\"https:\/\/www.wroblewski.krakow.pl\/?p=12401\">3.11.2021,\u00a0Nadzieja w piekle\u2026<\/a><\/p>\n<p><a href=\"https:\/\/www.wroblewski.krakow.pl\/?p=12384\">28.10.2021,\u00a0Reprezentanci \u201eWr\u00f3blewskiego\u201d w biegu sztafetowym o Szabl\u0119 Kpt. Stawarza<\/a><\/p>\n<p><a href=\"https:\/\/www.wroblewski.krakow.pl\/?p=12379\">26.10.2021,\u00a0Wycieczka klas trzecich 3b, 3c i 3d do Warszawy<\/a><\/p>\n<p><a href=\"https:\/\/www.wroblewski.krakow.pl\/?p=12326\">18.10.2021,\u00a0Zaproszenie do udzia\u0142u w projekcie \u201eMeasuring Impact of Debate as an Educational Tool: Evidence from High Schools in Poland\u201d<\/a><\/p>\n<p><a href=\"https:\/\/www.wroblewski.krakow.pl\/?p=12322\">14.10.2021,\u00a0Uporz\u0105dkowanie grobu Patrona szko\u0142y<\/a><\/p>\n<p><a href=\"https:\/\/www.wroblewski.krakow.pl\/?p=12311\">13.10.2021,\u00a0Klasa 2d w Nowohuckim Centrum Kultury<\/a><\/p>\n<p><a href=\"https:\/\/www.wroblewski.krakow.pl\/?p=12301\">13.10.2021,\u00a0Wyniki wybor\u00f3w do Samorz\u0105du Uczniowskiego<\/a><\/p>\n<p><a href=\"https:\/\/www.wroblewski.krakow.pl\/?p=12295\">12.10.2021,\u00a0\u201eRazem dla niemieckiego\u201d, konferencja dyrektor\u00f3w i koordynator\u00f3w szk\u00f3\u0142 DEUTSCH PLUS<\/a><\/p>\n<p><a href=\"https:\/\/www.wroblewski.krakow.pl\/?p=12284\">11.10.2021,\u00a0Komunikat Samorz\u0105du Uczniowskiego w sprawie wybor\u00f3w do SU<\/a><\/p>\n<p><a href=\"https:\/\/www.wroblewski.krakow.pl\/?p=12277\">8.10.2021,\u00a0Wyjazd krajoznawczo-integracyjny klas pierwszych do Muszyny<\/a><\/p>\n<p><a href=\"https:\/\/www.wroblewski.krakow.pl\/?p=12219\">7.10.2021,\u00a0Go\u015b\u0107 z Niemiec w IX LO<\/a><\/p>\n<p><a href=\"https:\/\/www.wroblewski.krakow.pl\/?p=12211\">6.10.2021,\u00a0Piknik Krowoderski \u201ePi\u0119kna polska z\u0142ota jesie\u0144\u201d<\/a><\/p>\n<p><a href=\"https:\/\/www.wroblewski.krakow.pl\/?p=12182\">4.10.2021,\u00a0Komunikat Samorz\u0105du Uczniowskiego w sprawie zam\u00f3wienia odzie\u017cy z logiem szko\u0142y<\/a><\/p>\n<p><a href=\"https:\/\/www.wroblewski.krakow.pl\/?p=12178\">3.10.2021,\u00a0\u201eWr\u00f3blewski\u201d w Mistrzostwach Polski Debat Parlamentarnych<\/a><\/p>\n<p><a href=\"https:\/\/www.wroblewski.krakow.pl\/?p=12172\">1.10.2021,\u00a0\u201eWr\u00f3blewski\u201d w trosce o zwierz\u0119ta<\/a><\/p>\n<p><a href=\"https:\/\/www.wroblewski.krakow.pl\/?p=12157\">29.09.2021,\u00a0Klasa 2a na wycieczce w Dolinie B\u0119dkowskiej<\/a><\/p>\n<p><a href=\"https:\/\/www.wroblewski.krakow.pl\/?p=12133\">28.09.2021,\u00a0Zaj\u0119cia z rysunku odr\u0119cznego<\/a><\/p>\n<p><a href=\"https:\/\/www.wroblewski.krakow.pl\/?p=12121\">26.09.2021,\u00a0Szcz\u0119\u015bliwy numerek<\/a><\/p>\n<p><a href=\"https:\/\/www.wroblewski.krakow.pl\/?p=12114\">25.09.2021,\u00a0I Uczniowska Konferencja M\u0142odych Chemik\u00f3w<\/a><\/p>\n<p><a href=\"https:\/\/www.wroblewski.krakow.pl\/?p=12104\">20.09.2021,\u00a0Polsko-w\u0119gierskie spotkanie m\u0142odzie\u017cy na Orawie<\/a><\/p>\n<p><a href=\"https:\/\/www.wroblewski.krakow.pl\/?p=12088&amp;preview=true\">10.09.2021,\u00a0\u201ePami\u0119tamy\u201d<\/a><\/p>\n<p><a href=\"https:\/\/www.wroblewski.krakow.pl\/?p=12080\">9.09.2021,\u00a0\u201eWr\u00f3blewski\u201d kwestuje dla dzieci z Hospicjum \u201eAlma Spei\u201d<\/a><\/p>\n<p><a href=\"https:\/\/www.wroblewski.krakow.pl\/?p=12067\">6.09.2021,\u00a0\u015arodowa sesja fotograficzna<\/a><\/p>\n<p><a href=\"https:\/\/www.wroblewski.krakow.pl\/?p=12063\">3.09.2021,\u00a0Kiermasz podr\u0119cznik\u00f3w<\/a><\/p>\n<p><a href=\"https:\/\/www.wroblewski.krakow.pl\/?p=12059\">1.09.2021,\u00a0Zebrania z Rodzicami<\/a><\/p>\n<p><a href=\"https:\/\/www.wroblewski.krakow.pl\/?p=12057\">1.09.2021,\u00a0Rozpocz\u0119cie roku szkolnego 2021\/ 2022 \u2013 list MEiN do dyrektor\u00f3w, nauczycieli i uczni\u00f3w<\/a><\/p>\n<p><a href=\"https:\/\/www.wroblewski.krakow.pl\/?p=12045\">31.08.2021,\u00a0Rozpocz\u0119cie roku szkolnego 2021\/ 2022 \u2013 przydzia\u0142 sal lekcyjnych<\/a><\/p>\n<p><a href=\"https:\/\/www.wroblewski.krakow.pl\/?p=12041\">26.08.2021,\u00a0Rozpocz\u0119cie roku szkolnego 2021\/ 2022<\/a><\/p>\n","protected":false},"excerpt":{"rendered":"<p>&nbsp; 25.08.2022, Podpisanie listu intencyjnego o podj\u0119ciu wsp\u00f3\u0142pracy z Okr\u0119gow\u0105 Rad\u0105 Adwokack\u0105 16.08.2022, Uczennica \u201eWr\u00f3blewskiego\u201d w finale IX edycji mi\u0119dzynarodowego konkursu literackiego 19.07.2022, Rekrutacja do klas pierwszych na rok szkolny 2022-2023 01.07.2022, Praca sekretariatu w okresie wakacji 30,06.2022, Wydanie \u015bwiadectw z wynikami egzamin\u00f3w maturalnych 25.06.2022, Uroczysto\u015b\u0107 zako\u0144czenia roku szkolnego 2021-2022 23.06.2022, Lekcje muzealne dla uczni\u00f3w klas 2a i 3c w Muzeum Narodowym 17.06.2022, Szkolny Turniej Szachowy IX LO 16.06.2022, Zapowied\u017a wakacji&#8230;, czyli wycieczka integracyjna klas drugich 15.06.2022, Klasa 3a w Muzeum Geologicznym AGH 14.06.2022, Wycieczka krajoznawczo-integracyjna do Doliny B\u0119dkowskiej 13.06.2022,\u00a0Wyniki szkolnego konkursu wiedzy o Szwajcarii \u201eEine kleine Reise durch die [&hellip;]<\/p>\n","protected":false},"author":2,"featured_media":0,"parent":0,"menu_order":0,"comment_status":"closed","ping_status":"closed","template":"","meta":[],"_links":{"self":[{"href":"https:\/\/www.wroblewski.krakow.pl\/index.php?rest_route=\/wp\/v2\/pages\/12101"}],"collection":[{"href":"https:\/\/www.wroblewski.krakow.pl\/index.php?rest_route=\/wp\/v2\/pages"}],"about":[{"href":"https:\/\/www.wroblewski.krakow.pl\/index.php?rest_route=\/wp\/v2\/types\/page"}],"author":[{"embeddable":true,"href":"https:\/\/www.wroblewski.krakow.pl\/index.php?rest_route=\/wp\/v2\/users\/2"}],"replies":[{"embeddable":true,"href":"https:\/\/www.wroblewski.krakow.pl\/index.php?rest_route=%2Fwp%2Fv2%2Fcomments&post=12101"}],"version-history":[{"count":68,"href":"https:\/\/www.wroblewski.krakow.pl\/index.php?rest_route=\/wp\/v2\/pages\/12101\/revisions"}],"predecessor-version":[{"id":13916,"href":"https:\/\/www.wroblewski.krakow.pl\/index.php?rest_route=\/wp\/v2\/pages\/12101\/revisions\/13916"}],"wp:attachment":[{"href":"https:\/\/www.wroblewski.krakow.pl\/index.php?rest_route=%2Fwp%2Fv2%2Fmedia&parent=12101"}],"curies":[{"name":"wp","href":"https:\/\/api.w.org\/{rel}","templated":true}]}}