{"id":1463,"date":"2014-10-29T16:11:07","date_gmt":"2014-10-29T15:11:07","guid":{"rendered":"https:\/\/www.wroblewski.krakow.pl\/?page_id=1463"},"modified":"2025-05-06T11:33:51","modified_gmt":"2025-05-06T10:33:51","slug":"sport","status":"publish","type":"page","link":"https:\/\/www.wroblewski.krakow.pl\/?page_id=1463","title":{"rendered":"Sport"},"content":{"rendered":"<p>Lekcje wychowanie fizycznego w IX LO im. Z. Wr\u00f3blewskiego w Krakowie prowadzone s\u0105 g\u0142\u00f3wnie\u00a0<a href=\"https:\/\/www.wroblewski.krakow.pl\/?p=16135\">w pi\u0119knej, nowej, pe\u0142nowymiarowej, wielofunkcyjnej hali sportowej &gt;&gt;&gt;&gt;<\/a>\u00a0oraz w nowoczesnej sali do fitnessu. Korzystamy tak\u017ce z drugiej, starszej sali gimnastycznej i si\u0142owni. Zaj\u0119cia odbywaj\u0105 si\u0119 r\u00f3wnie\u017c na nowym boisku szkolnym, w Parku Jordana i na B\u0142oniach.<\/p>\n<p>Grono zaanga\u017cowanych nauczycieli, specjalizuj\u0105cych si\u0119 w r\u00f3\u017cnych dyscyplinach sportowych (koszyk\u00f3wka, siatk\u00f3wka, fitness, pi\u0142ka no\u017cna, narciarstwo), z \u017cyczliwo\u015bci\u0105 wspiera m\u0142odzie\u017c w podejmowaniu regularnej aktywno\u015bci fizycznej. Kszta\u0142towane s\u0105 postawy prozdrowotne.<\/p>\n<p>Szczeg\u00f3ln\u0105 uwag\u0119 przywi\u0105zuje si\u0119 do umiej\u0119tno\u015bci wsp\u00f3\u0142pracy w grupie w ramach zespo\u0142owych gier sportowych.<\/p>\n<p>Lekcje dostosowywane s\u0105 do poziomu sprawno\u015bci i zainteresowa\u0144 \u0107wicz\u0105cych. Oceniane jest przede wszystkim zaanga\u017cowanie, w\u0142o\u017cony wysi\u0142ek i post\u0119p w podnoszeniu umiej\u0119tno\u015bci.<\/p>\n<p>Dla m\u0142odzie\u017cy bardziej zainteresowanej sportem prowadzone s\u0105 zaj\u0119cia rozwijaj\u0105ce SKS z: koszyk\u00f3wki, siatk\u00f3wki i futsalu. Pr\u0119\u017cnie dzia\u0142a grupa cheerleaderek.<\/p>\n<p>Odbywaj\u0105 si\u0119 cykliczne turnieje i mecze towarzyskie z zaprzyja\u017anionymi szko\u0142ami. M\u0142odzie\u017c \u201eWr\u00f3blewskiego\u201d regularnie przyst\u0119puje do mi\u0119dzyszkolnej rywalizacji w wielu dyscyplinach sportowych w ramach Krakowskiej Olimpiady M\u0142odzie\u017cy.<\/p>\n<p>Sukcesem z bie\u017c\u0105cego roku jest Mistrzostwo Krakowa zdobyte przez koszykarki z naszej szko\u0142y (luty 2024).<\/p>\n<p style=\"text-align: center;\"><strong>Wydarzenia i sukcesy sportowe we &#8222;Wr\u00f3blewskim&#8221;<\/strong><\/p>\n<p><strong>Rok szkolny 2024\/ 2025<\/strong><\/p>\n<p><a href=\"https:\/\/www.youtube.com\/watch?v=f6eO6Booxeo\">25.04.2025, Po\u017cegnanie abiturient\u00f3w, wyst\u0119p cheerleaderek<\/a><\/p>\n<p style=\"text-align: justify;\"><strong>Rok szkolny 2023\/ 2024<\/strong><\/p>\n<p><a href=\"https:\/\/www.wroblewski.krakow.pl\/?p=17429\">22.05.2024, Wyniki Turnieju Koszykarskich Pokole\u0144 Trenera Grzegorza Obidowicza 2024<\/a><\/p>\n<p><a href=\"https:\/\/www.wroblewski.krakow.pl\/?p=17197\">16.04.2024, Mecz towarzyski siatkarzy \u201eWr\u00f3blewskiego\u201d z The International School of Krak\u00f3w<\/a><\/p>\n<p style=\"text-align: justify;\"><a href=\"https:\/\/www.wroblewski.krakow.pl\/?gallery=dolacz-do-zespolu-cheerleaders-wroblewskiego-13-04-2024-r\">14.04.2024, Do\u0142\u0105cz do zespo\u0142u cheerleaders Wr\u00f3blewskiego!<\/a><\/p>\n<p style=\"text-align: justify;\"><a href=\"https:\/\/www.wroblewski.krakow.pl\/?p=17001\">13.03.2024, Zaproszenie na Jubileuszowy Turniej Koszykarskich Pokole\u0144 IX LO w Krakowie!<\/a><\/p>\n<p style=\"text-align: justify;\"><a href=\"https:\/\/www.wroblewski.krakow.pl\/?p=16919\">06.03.2024, Koszykarki \u201eWr\u00f3blewskiego\u201d mistrzyniami Ma\u0142opolski!!!<\/a><\/p>\n<p style=\"text-align: justify;\"><a href=\"https:\/\/www.wroblewski.krakow.pl\/?p=16903\">05.03.2024, 3 miejsce dru\u017cyny futsalu w turnieju Animaliada!<\/a><\/p>\n<p style=\"text-align: justify;\"><a href=\"https:\/\/www.wroblewski.krakow.pl\/?p=16809\">10.02.2024, Udzia\u0142 reprezentacji \u201eWr\u00f3blewskiego\u201d w Licealiadzie w narciarstwie<\/a><\/p>\n<p style=\"text-align: justify;\"><a href=\"https:\/\/www.wroblewski.krakow.pl\/?p=16798\">05.02.2024, Koszykarki \u201eWr\u00f3blewskiego\u201d Mistrzyniami Krakowa<\/a><\/p>\n<p style=\"text-align: justify;\"><a href=\"https:\/\/www.wroblewski.krakow.pl\/?p=16750\">29.01.2024, Mecz towarzyski koszykarek \u201eWr\u00f3blewskiego\u201d z The International School of Krak\u00f3w<\/a><\/p>\n<p style=\"text-align: justify;\"><a href=\"https:\/\/www.wroblewski.krakow.pl\/?p=16728\">23.01.2024, Awans koszykarek \u201eWr\u00f3blewskiego\u201d do fina\u0142u Licealiady<\/a><\/p>\n<p style=\"text-align: justify;\"><a href=\"https:\/\/www.wroblewski.krakow.pl\/?p=16700\">22.01.2024, Udzia\u0142 reprezentacji siatk\u00f3wki dziewcz\u0105t w Licealiadzie<\/a><\/p>\n<p style=\"text-align: justify;\"><a href=\"https:\/\/www.wroblewski.krakow.pl\/?p=16591\">19.12.2023, Koszykarki \u201eWr\u00f3blewskiego\u201d w p\u00f3\u0142finale Licealiady<\/a><\/p>\n<p style=\"text-align: justify;\"><a href=\"https:\/\/www.wroblewski.krakow.pl\/?p=16568\">18.12.2023, Bo\u017cenarodzeniowy Turniej Sportowy IX LO vs XIII LO w Krakowie<\/a><\/p>\n<p style=\"text-align: justify;\"><a href=\"https:\/\/www.wroblewski.krakow.pl\/?p=16491\">13.12.2023, Diana Fisun i Maria Szewczyk br\u0105zowymi medalistkami Licealiady w tenisie sto\u0142owym<\/a><\/p>\n<p style=\"text-align: justify;\"><a href=\"https:\/\/www.wroblewski.krakow.pl\/?p=16252\">13.11.2023, Reprezentant \u201eWr\u00f3blewskiego\u201d na 8 miejscu Licealiady w p\u0142ywaniu<\/a><\/p>\n<p style=\"text-align: justify;\"><a href=\"https:\/\/www.wroblewski.krakow.pl\/?p=16204\">07.11.2023, Reprezentacja \u201eWr\u00f3blewskiego\u201d w turnieju szachowym Licealiady<\/a><\/p>\n<p style=\"text-align: justify;\"><a href=\"https:\/\/www.wroblewski.krakow.pl\/?p=16186\">30.10.2023, Reprezentacja \u201eWr\u00f3blewskiego\u201d w biegu sztafetowym o Szabl\u0119 KPT. Stawiarza<\/a><\/p>\n<p style=\"text-align: justify;\"><a href=\"https:\/\/www.wroblewski.krakow.pl\/?p=15731\">13.10.2023, Udzia\u0142 turniej\u00f3w mixt\u00f3w siatkarskich w turnieju Licealiady<\/a><\/p>\n<p style=\"text-align: justify;\"><a href=\"https:\/\/www.wroblewski.krakow.pl\/?p=15695\">09.10.2023, Mecz towarzyski siatkarzy \u201eWr\u00f3blewskiego\u201d z The International School of Krak\u00f3w<\/a><\/p>\n<p style=\"text-align: justify;\"><a href=\"https:\/\/www.wroblewski.krakow.pl\/?p=15595\">21.09.2023, Koszykarki \u201eWr\u00f3blewskiego\u201d ponownie najlepsze w turnieju szk\u00f3\u0142 \u015brednich<\/a><\/p>\n<p style=\"text-align: justify;\"><strong>Rok szkolny 2022\/ 2023<\/strong><\/p>\n<p style=\"text-align: justify;\"><a href=\"https:\/\/www.wroblewski.krakow.pl\/?p=15322\">10.06.2023, Pierwsze Igrzyska Mi\u0119dzyszkolne IX LO \u2013 XVIILO<\/a><\/p>\n<p><a href=\"https:\/\/www.wroblewski.krakow.pl\/?p=14805\">17.04.2023, Mecz towarzyski siatkarek \u201eWr\u00f3blewskiego\u201d z The International School of Krak\u00f3w<\/a><\/p>\n<p><a href=\"https:\/\/www.wroblewski.krakow.pl\/?p=14733\">04.04.2023, Mecz towarzyski siatkarzy \u201eWr\u00f3blewskiego\u201d ze szko\u0142\u0105 The International School of Krak\u00f3w<\/a><\/p>\n<p><a href=\"https:\/\/www.wroblewski.krakow.pl\/?p=14532\">28.02.2023, Udzia\u0142 siatkarzy \u201eWr\u00f3blewskiego\u201d w turnieju szk\u00f3\u0142 \u015brednich na UEK-u<\/a><\/p>\n<p><a href=\"https:\/\/www.wroblewski.krakow.pl\/?p=14513\">23.02.2023, Udzia\u0142 reprezentacji szko\u0142y w siatk\u00f3wce kobiet w mi\u0119dzyszkolnym turnieju na UEK-u<\/a><\/p>\n<p><a href=\"https:\/\/www.wroblewski.krakow.pl\/?p=14481\">21.02.2023, III miejsce &#8222;Wr\u00f3blewskiego&#8221; w futsalu m\u0119\u017cczyzn w mi\u0119dzyszkolnym turnieju na UEK-u<\/a><\/p>\n<p style=\"text-align: justify;\"><a href=\"https:\/\/www.wroblewski.krakow.pl\/?p=14365\">19.01.2023, Mecz towarzyski koszykarzy \u201eWr\u00f3blewskiego\u201d ze szko\u0142\u0105 The International School of Krak\u00f3w<\/a><\/p>\n<p style=\"text-align: justify;\"><a href=\"https:\/\/www.wroblewski.krakow.pl\/?p=14362\">14.01.2023, Udzia\u0142 koszykarzy w mi\u0119dzyszkolnym turnieju noworocznym<\/a><\/p>\n<p style=\"text-align: justify;\"><a href=\"https:\/\/www.wroblewski.krakow.pl\/?p=14243\">16.12.2022, G\u0142osujemy na Olg\u0119 Kaczor \u2013 Sportowy Talent Roku 2022<\/a><\/p>\n<p style=\"text-align: justify;\"><a href=\"https:\/\/www.wroblewski.krakow.pl\/?p=14225\">12.12.2022, III miejsce dla \u201eWr\u00f3blewskiego\u201d w tenisie sto\u0142owym dziewcz\u0105t<\/a><\/p>\n<p style=\"text-align: justify;\"><a href=\"https:\/\/www.wroblewski.krakow.pl\/?p=14020\">09.11.2022, Siatkarski MIXT 6-osobowy \u201eWr\u00f3blewskiego\u201d w \u015bwietnej formie!<\/a><\/p>\n<p style=\"text-align: justify;\"><a href=\"https:\/\/www.wroblewski.krakow.pl\/?p=13903\">27.10.2022, Reprezentanci \u201eWr\u00f3blewskiego\u201d w biegu sztafetowym o Szabl\u0119 kpt. Stawarza<\/a><\/p>\n<p style=\"text-align: justify;\"><a href=\"https:\/\/www.wroblewski.krakow.pl\/?p=13626\">27.09.2022, Zwyci\u0119stwo koszykarek \u201eWr\u00f3blewskiego\u201d w turnieju szk\u00f3\u0142 \u015brednich!<\/a><\/p>\n<p style=\"text-align: justify;\"><a href=\"https:\/\/www.wroblewski.krakow.pl\/?p=13594\">22.09.2022, Zosta\u0144 sportowcem-naukowcem na Uniwersytecie Ekonomicznym!<\/a><\/p>\n<h3 style=\"text-align: center;\"><strong>Sukcesy uczni\u00f3w<\/strong><\/h3>\n<blockquote>\n<h4 style=\"text-align: center;\">Rok szkolny 2020\/2021<\/h4>\n<\/blockquote>\n<p><strong>Fina\u0142 Krajowy:<\/strong><\/p>\n<p><span style=\"text-decoration: underline;\">Sport motorowy:<\/span><\/p>\n<ul>\n<li><em>Igor \u0141anoszka<\/em>, I miejsce w Mistrzostwach Strefy Po\u0142udniowo-Zachodniej Polski podczas Trialu w Gliwicach<\/li>\n<\/ul>\n<p><strong>Fina\u0142 Miejski:<\/strong><\/p>\n<p><span style=\"text-decoration: underline;\">Lekkoatletyka:<\/span><\/p>\n<ul>\n<li><em>Szymon Goch<\/em>, III miejsce indywidualnie w biegu na\u00a0 100 metr\u00f3w i awans do zawod\u00f3w wojew\u00f3dzkich<\/li>\n<li>Sztafeta 4 x 100 metr\u00f3w w sk\u0142adzie: <em>Szymon Goch, Kacper Goc, Bartosz\u00a0<em>Kornecki<\/em>, Szymon Olajossy<\/em>, III miejsce i awans do zawod\u00f3w wojew\u00f3dzkich<\/li>\n<\/ul>\n<p style=\"text-align: justify;\">Opr\u00f3cz rywalizacji mi\u0119dzyszkolnej, ka\u017cdego roku organizowane by\u0142y zawody wewn\u0119trzne w ramach wsp\u00f3\u0142zawodnictwa klas oraz dru\u017cyn mieszanych w pi\u0142ce siatkowej oraz koszyk\u00f3wce. Odbywa\u0142y si\u0119 sta\u0142e zaj\u0119cia siatkarskie SKS oraz dora\u017ane treningi z innych dyscyplin jako przygotowanie do udzia\u0142u w konkretnych zawodach.<\/p>\n<p style=\"text-align: justify;\">W\u00a0 roku szkolnym 2020\/2021 odby\u0142y si\u0119 zawody lekkoatletyczne. Z dobrym rezultatem wystartowa\u0142a w nich sze\u015bcioosobowa \u017ce\u0144ska i jedenastoosobowa m\u0119ska reprezentacja \u201eWr\u00f3blewskiego\u201d.<\/p>\n<blockquote>\n<h4 style=\"text-align: center;\">Rok szkolny 2019\/2020<\/h4>\n<\/blockquote>\n<p><strong>Fina\u0142 Wojew\u00f3dzki:<\/strong><\/p>\n<p><span style=\"text-decoration: underline;\">Lekkoatletyka:<\/span><\/p>\n<ul>\n<li><em>Szymon Goch<\/em>, IV miejsce indywidualnie w biegu na \u00a0100 metr\u00f3w.<\/li>\n<li>Sztafeta 4 x 100 metr\u00f3w w sk\u0142adzie: <em>Szymon Goch, Kacper Goc, Bartosz Kornecki, Jakub Jania<\/em>, IV miejsce.<\/li>\n<\/ul>\n<p><strong>Fina\u0142 Miejski:<\/strong><\/p>\n<p><span style=\"text-decoration: underline;\">Lekkoatletyka:<\/span><\/p>\n<ul>\n<li><em>Szymon Goch<\/em>, IV miejsce indywidualnie w biegu na\u00a0 100 metr\u00f3w i awans do zawod\u00f3w wojew\u00f3dzkich.<\/li>\n<li>Sztafeta 4 x 100 metr\u00f3w w sk\u0142adzie: <em>Szymon Goch, Kacper Goc, Bartosz Kornecki,\u00a0\u00a0Jakub Jania,<\/em> IV miejsce i awans do zawod\u00f3w wojew\u00f3dzkich.<\/li>\n<\/ul>\n<p><span style=\"text-decoration: underline;\">Snowboard:<\/span><\/p>\n<ul>\n<li><em>Helena Go\u0142\u0105b<\/em>, VI miejsce \u2013 awans do zawod\u00f3w wojew\u00f3dzkich.<\/li>\n<\/ul>\n<p><span style=\"text-decoration: underline;\">Siatk\u00f3wka:<\/span><\/p>\n<ul>\n<li>Reprezentacja Szko\u0142y dziewcz\u0105t awansowa\u0142a do czo\u0142owej \u201e\u00d3semki\u201d Krakowa.<\/li>\n<\/ul>\n<p style=\"text-align: justify;\">M\u0142odzie\u017c \u201eWr\u00f3blewskiego\u201d przed przej\u015bciem na zdaln\u0105 edukacj\u0119 w roku szkolnym\u00a0 2019\/2020 startowa\u0142a w ramach Licealiady Krakowskiej w rekordowej, na przestrzeni ostatnich lat, ilo\u015bci dyscyplin. By\u0142y to: koszyk\u00f3wka, siatk\u00f3wka, pi\u0142ka r\u0119czna, p\u0142ywanie, narciarstwo alpejskie, szachy, badminton, tenis sto\u0142owy oraz liga lekkoatletyczna, a tak\u017ce Samorz\u0105dowy Biegu Sztafetowy o \u201eSzabl\u0119 Stawarza\u201d. Prawie ka\u017cdy ucze\u0144, kt\u00f3ry prezentowa\u0142 odpowiedni poziom sportowy mia\u0142 szans\u0119 reprezentowania szko\u0142y na zewn\u0105trz w swojej dyscyplinie.<\/p>\n<blockquote>\n<h4 style=\"text-align: center;\">Rok szkolny 2018\/2019<\/h4>\n<\/blockquote>\n<p><strong>Fina\u0142 Wojew\u00f3dzki:<\/strong><\/p>\n<p><span style=\"text-decoration: underline;\">Snawboard: <\/span><\/p>\n<ul>\n<li>Zesp\u00f3\u0142 dziewcz\u0105t w sk\u0142adzie: <em>Helena Go\u0142\u0105b, Wiktoria Marcinkowska<\/em>, III miejsce (br\u0105zowy medal Wojew\u00f3dzkiej Licealiady).<\/li>\n<\/ul>\n<p><span style=\"text-decoration: underline;\">Lekkoatletyka: <\/span><\/p>\n<ul>\n<li><em>Natalia Caffrey<\/em>, IV miejsce w biegu na 100 metr\u00f3w<\/li>\n<\/ul>\n<p><span style=\"text-decoration: underline;\">Narciarstwo alpejskie: <\/span><\/p>\n<ul>\n<li>Zesp\u00f3l dziewcz\u0105t w sk\u0142adzie: <em>Aleksandra Kwiecie\u0144, Wiktoria Wiertek, Natalia Czaja<\/em>, XV miejsce<\/li>\n<\/ul>\n<p><strong>Fina\u0142 Miejski:<\/strong><\/p>\n<p><span style=\"text-decoration: underline;\">P\u0142ywanie:<\/span><\/p>\n<ul>\n<li><em>Agnieszka Matuszczak<\/em>, II miejsce w stylu klasycznym (V-ce Mistrzostwo Krakowa).<\/li>\n<li><em>Emilia Podle\u015bny<\/em>, IV miejsce w stylu motylkowym \u2013 awans do zawod\u00f3w wojew\u00f3dzkich.<\/li>\n<\/ul>\n<p style=\"text-align: justify;\">Ponadto m\u0142odzie\u017c \u201eWr\u00f3blewskiego\u201d startowa\u0142a w Licealiadzie Krakowskiej w innych dyscyplinach: koszyk\u00f3wka, narciarstwo, snowboard, szachy, badminton oraz w towarzyskich turniejach w pi\u0142ce no\u017cnej.<\/p>\n<blockquote>\n<h4 style=\"text-align: center;\">Rok szkolny 2017\/2018<\/h4>\n<\/blockquote>\n<p class=\"MsoNormal\" style=\"margin-bottom: 0in; line-height: normal;\"><strong>Fina\u0142 Wojew\u00f3dzki: <\/strong><\/p>\n<p class=\"MsoNormal\" style=\"margin-bottom: 0in; line-height: normal;\"><span style=\"text-decoration: underline;\">P\u0142ywanie:<\/span><\/p>\n<ul>\n<li><em>Emilia Podle\u015bny<\/em>, IV miejsce.<\/li>\n<\/ul>\n<p class=\"MsoNormal\" style=\"margin-bottom: 0in; line-height: normal;\"><strong>Fina\u0142 Miejski:<\/strong><\/p>\n<p class=\"MsoNormal\" style=\"margin-bottom: 0in; line-height: normal;\"><span style=\"text-decoration: underline;\"> P\u0142ywanie:<\/span><\/p>\n<ul>\n<li><em> Emilia Podle\u015bny<\/em>, awans do zawod\u00f3w wojew\u00f3dzkich.<\/li>\n<li><em>Agnieszka Matuszak<\/em>, awans do zawod\u00f3w wojew\u00f3dzkich.<\/li>\n<\/ul>\n<p class=\"MsoNormal\" style=\"margin-bottom: 0in;\"><span style=\"text-decoration: underline;\">Lekkoatletyka:<\/span><\/p>\n<ul>\n<li><em>Marcin Buda<\/em>, III miejsce w biegach prze\u0142ajowych.<\/li>\n<\/ul>\n<p class=\"MsoNormal\" style=\"text-align: justify;\">Ponadto m\u0142odzie\u017c \u201eWr\u00f3blewskiego\u201d startowa\u0142a w Licealiadzie Krakowskiej w innych dyscyplinach: pi\u0142ka no\u017cna, KWS, szachy, badminton, tenis sto\u0142owy.<\/p>\n<blockquote>\n<h4 class=\"MsoNormal\" style=\"text-align: center;\">Rok szkolny 2016\/2017<\/h4>\n<\/blockquote>\n<p class=\"MsoNormal\" style=\"margin-bottom: 0in;\"><strong>Fina\u0142 Wojew\u00f3dzki:<\/strong><\/p>\n<p class=\"MsoNormal\" style=\"margin-bottom: 0in;\"><span style=\"text-decoration: underline;\">P\u0142ywanie:<\/span><\/p>\n<ul>\n<li><em>Tomasz Koprynia,\u00a0<\/em>III miejsce (br\u0105zowy medal Wojew\u00f3dzkiej Licealiady).<\/li>\n<li><em>Emilia Podle\u015bny<\/em>, V miejsce.<\/li>\n<\/ul>\n<p><span style=\"text-decoration: underline;\">Snowboard: <\/span><\/p>\n<ul>\n<li><em>Julia Wilanowska<\/em>, V miejsce.<\/li>\n<\/ul>\n<p class=\"MsoNormal\" style=\"margin-bottom: 0in;\"><strong>Fina\u0142 Miejski:<\/strong><\/p>\n<p class=\"MsoNormal\" style=\"margin-bottom: 0in;\"><span style=\"text-decoration: underline;\">P\u0142ywanie:<\/span><\/p>\n<ul>\n<li><em>Emilia Podle\u015bny<\/em>, II miejsce (wicemistrzostwo Krakowa).<\/li>\n<li><em>Tomasz Kopryni<\/em>a, II miejsce (wicemistrzostwo Krakowa).<\/li>\n<\/ul>\n<p class=\"MsoNormal\" style=\"margin-bottom: 0in;\"><span style=\"text-decoration: underline;\">Pi\u0142ka r\u0119czna:<\/span><\/p>\n<ul>\n<li>Reprezentacja szko\u0142y awansowa\u0142a do fina\u0142u miejskiego.<\/li>\n<\/ul>\n<p class=\"MsoNormal\"><span style=\"text-decoration: underline;\">Snowboard: <\/span><\/p>\n<ul>\n<li><em>Julia Wilanowska<\/em>, awans do fina\u0142u wojew\u00f3dzkiego.<\/li>\n<\/ul>\n<p class=\"MsoNormal\" style=\"margin-bottom: 0in; text-align: justify;\">Ponadto m\u0142odzie\u017c \u201eWr\u00f3blewskiego\u201d startowa\u0142a w Licealiadzie Krakowskiej w innych dyscyplinach: koszyk\u00f3wka, siatk\u00f3wka, szachy, badminton, tenis sto\u0142owy.<\/p>\n<p style=\"text-align: right;\"><em><em>Zesp\u00f3\u0142 nauczycieli wychowania fizycznego:\u00a0<\/em><\/em><\/p>\n<p style=\"text-align: right;\"><em>mgr Teresa Kasprzyk, mgr Iwona Majerska-Dyba\u0142,\u00a0<\/em><em>mgr Grzegorz Obidowicz, mgr Piotr Pasieczny<\/em><\/p>\n","protected":false},"excerpt":{"rendered":"<p>Lekcje wychowanie fizycznego w IX LO im. Z. Wr\u00f3blewskiego w Krakowie prowadzone s\u0105 g\u0142\u00f3wnie\u00a0w pi\u0119knej, nowej, pe\u0142nowymiarowej, wielofunkcyjnej hali sportowej &gt;&gt;&gt;&gt;\u00a0oraz w nowoczesnej sali do fitnessu. Korzystamy tak\u017ce z drugiej, starszej sali gimnastycznej i si\u0142owni. Zaj\u0119cia odbywaj\u0105 si\u0119 r\u00f3wnie\u017c na nowym boisku szkolnym, w Parku Jordana i na B\u0142oniach. Grono zaanga\u017cowanych nauczycieli, specjalizuj\u0105cych si\u0119 w r\u00f3\u017cnych dyscyplinach sportowych (koszyk\u00f3wka, siatk\u00f3wka, fitness, pi\u0142ka no\u017cna, narciarstwo), z \u017cyczliwo\u015bci\u0105 wspiera m\u0142odzie\u017c w podejmowaniu regularnej aktywno\u015bci fizycznej. Kszta\u0142towane s\u0105 postawy prozdrowotne. Szczeg\u00f3ln\u0105 uwag\u0119 przywi\u0105zuje si\u0119 do umiej\u0119tno\u015bci wsp\u00f3\u0142pracy w grupie w ramach zespo\u0142owych gier sportowych. Lekcje dostosowywane s\u0105 do poziomu sprawno\u015bci i zainteresowa\u0144 \u0107wicz\u0105cych. [&hellip;]<\/p>\n","protected":false},"author":6,"featured_media":10980,"parent":0,"menu_order":0,"comment_status":"closed","ping_status":"closed","template":"","meta":[],"_links":{"self":[{"href":"https:\/\/www.wroblewski.krakow.pl\/index.php?rest_route=\/wp\/v2\/pages\/1463"}],"collection":[{"href":"https:\/\/www.wroblewski.krakow.pl\/index.php?rest_route=\/wp\/v2\/pages"}],"about":[{"href":"https:\/\/www.wroblewski.krakow.pl\/index.php?rest_route=\/wp\/v2\/types\/page"}],"author":[{"embeddable":true,"href":"https:\/\/www.wroblewski.krakow.pl\/index.php?rest_route=\/wp\/v2\/users\/6"}],"replies":[{"embeddable":true,"href":"https:\/\/www.wroblewski.krakow.pl\/index.php?rest_route=%2Fwp%2Fv2%2Fcomments&post=1463"}],"version-history":[{"count":31,"href":"https:\/\/www.wroblewski.krakow.pl\/index.php?rest_route=\/wp\/v2\/pages\/1463\/revisions"}],"predecessor-version":[{"id":19209,"href":"https:\/\/www.wroblewski.krakow.pl\/index.php?rest_route=\/wp\/v2\/pages\/1463\/revisions\/19209"}],"wp:featuredmedia":[{"embeddable":true,"href":"https:\/\/www.wroblewski.krakow.pl\/index.php?rest_route=\/wp\/v2\/media\/10980"}],"wp:attachment":[{"href":"https:\/\/www.wroblewski.krakow.pl\/index.php?rest_route=%2Fwp%2Fv2%2Fmedia&parent=1463"}],"curies":[{"name":"wp","href":"https:\/\/api.w.org\/{rel}","templated":true}]}}