{"id":2082,"date":"2015-04-11T16:37:38","date_gmt":"2015-04-11T15:37:38","guid":{"rendered":"https:\/\/www.wroblewski.krakow.pl\/?page_id=2082"},"modified":"2019-03-07T18:03:31","modified_gmt":"2019-03-07T17:03:31","slug":"aktualnosci-2014-2015","status":"publish","type":"page","link":"https:\/\/www.wroblewski.krakow.pl\/?page_id=2082","title":{"rendered":"Aktualno\u015bci 2014-2015"},"content":{"rendered":"<p><a href=\"https:\/\/www.wroblewski.krakow.pl\/?p=2629\">31.07.2015, Sukces IX Liceum w programie Erasmus+<\/a><\/p>\n<p><a href=\"https:\/\/www.wroblewski.krakow.pl\/?p=2620\">10.07.2015, Godziny pracy sekretariatu we wakacje<\/a><\/p>\n<p><a href=\"https:\/\/www.wroblewski.krakow.pl\/?p=2615\">08.07.2015, Wolne miejsca w klasach pierwszych<\/a><\/p>\n<p><a href=\"https:\/\/www.wroblewski.krakow.pl\/?p=2618\">05.07.2015, Sportowe sukcesy uczni\u00f3w IX Liceum w roku szkolnym 2014-2015<\/a><\/p>\n<p><a href=\"https:\/\/www.wroblewski.krakow.pl\/?p=2605\">01.07.2015, Chcesz by\u0107 dziennikarzem?<\/a><\/p>\n<p><a href=\"https:\/\/www.wroblewski.krakow.pl\/?p=2603\">30.06.2015, Rozpocz\u0119cie oficjalnej wsp\u00f3\u0142pracy z Uniwersytetem Papieskim Jana Paw\u0142a II<\/a><\/p>\n<p><a href=\"https:\/\/www.wroblewski.krakow.pl\/?p=2601\">28.06.2015, Uroczysto\u015b\u0107 zako\u0144czenia roku szkolnego 2014\/2015<\/a><\/p>\n<p><a href=\"https:\/\/www.wroblewski.krakow.pl\/?p=2557\">25.06.2015, Spotkanie ze \u015bwiadkiem historii Julianem Wieciechem<\/a><\/p>\n<p><a href=\"https:\/\/www.wroblewski.krakow.pl\/?p=2530\">22.06.2015, Dzie\u0144 Patrona IX Liceum i Dzie\u0144 Sportu<\/a><\/p>\n<p><a href=\"https:\/\/www.wroblewski.krakow.pl\/?p=2517\">21.06.2015, Mistrzowie j\u0119zyka w\u0142oskiego IX Liceum odebrali nagrody<\/a><\/p>\n<p><a href=\"https:\/\/www.wroblewski.krakow.pl\/?p=2511\">18.06.2015, Klasa 2d w Muzeum Anatomii<\/a><\/p>\n<p><a href=\"https:\/\/www.wroblewski.krakow.pl\/?p=2462\">17.06.2015, Polsko-niemieckie warsztaty w IX Liceum w ramach akcji PNWM \u201edzie\u0144 \u2014 der Tag&#8221;<\/a><\/p>\n<p><a href=\"https:\/\/www.wroblewski.krakow.pl\/?p=2415\">11.06.2015, Podzi\u0119kowanie dla pocztu sztandarowego IX Liceum<\/a><\/p>\n<p><a href=\"https:\/\/www.wroblewski.krakow.pl\/?p=2411\">08.06.2015, Uczniowie z Grupy Charytatywnej odwiedzili mieszka\u0144c\u00f3w domu opieki spo\u0142ecznej<\/a><\/p>\n<p><a href=\"https:\/\/www.wroblewski.krakow.pl\/?p=2403\">04.06.2015, Za 10 dni rewizyta uczni\u00f3w ze szko\u0142y partnerskiej w Niemczech<\/a><\/p>\n<p><a href=\"https:\/\/www.wroblewski.krakow.pl\/?p=2397\">01.06.2015, Udzia\u0142 uczni\u00f3w klasy 1c w XV Og\u00f3lnopolskim Dniu Owada<\/a><\/p>\n<p><a href=\"https:\/\/www.wroblewski.krakow.pl\/?p=2385\">30.05.2015, II Wewn\u0105trzszkolny Konkurs J\u0119zyka W\u0142oskiego w IX Liceum<\/a><\/p>\n<p><a href=\"https:\/\/www.wroblewski.krakow.pl\/?p=2375\">28.05.2015, Dzie\u0144 Sarmaty w IX Liceum<\/a><\/p>\n<p><a href=\"https:\/\/www.wroblewski.krakow.pl\/?p=2364\">26.05.2015, Przyrodnicy z klasy 2c na Festiwalu Nauki w Krakowie<\/a><\/p>\n<p><a href=\"https:\/\/www.wroblewski.krakow.pl\/?p=2359\">21.05.2015, Zaproszenie na wyst\u0119p wokalny uczni\u00f3w IX Liceum Og\u00f3lnoszkta\u0142c\u0105cego na 8 Krowoderskim Pikniku Rodzinnym<\/a><\/p>\n<p><a href=\"https:\/\/www.wroblewski.krakow.pl\/?p=2346\">20.05.2015, Klasa 2c w Muzeum Anatomii Uniwersytetu Jagiello\u0144skiego<\/a><\/p>\n<p><a href=\"https:\/\/www.wroblewski.krakow.pl\/?p=2336\">18.05.2015, Uczniowie klasy 2d w \u201efascynuj\u0105cym \u015bwiecie ro\u015blin\u201d<\/a><\/p>\n<p><a href=\"https:\/\/www.wroblewski.krakow.pl\/?p=2329\">12.05.2015, Die Gedanken sind frei &#8211; warsztaty niemieckoj\u0119zyczne<\/a><\/p>\n<p><a href=\"https:\/\/www.wroblewski.krakow.pl\/?p=2310\">08.05.2015, Europejski Tydzie\u0144 M\u0142odzie\u017c (ETM) &#8211; w\u0142\u0105cz si\u0119 do gry!<\/a><\/p>\n<p><a href=\"https:\/\/www.wroblewski.krakow.pl\/?p=2279\">04.05.2015, \u017byczenia dla Maturzyst\u00f3w<\/a><\/p>\n<p><a href=\"https:\/\/www.wroblewski.krakow.pl\/?p=2275\">03.05.2015, \u015awi\u0119to Narodowe 3 Maja<\/a><\/p>\n<p><a href=\"https:\/\/www.wroblewski.krakow.pl\/?p=2256\">29.04.2015, Og\u00f3lnopolski Konkurs Ekologiczny \u201eEko-planeta\u201d \u2013 wyniki w IX Liceum<\/a><\/p>\n<p><a href=\"https:\/\/www.wroblewski.krakow.pl\/?p=2249\">27.04.2015, Po\u017cegnanie Abiturient\u00f3w 2015<\/a><\/p>\n<p><a href=\"https:\/\/www.wroblewski.krakow.pl\/?p=2236\">25.04.2015, Ma\u0142gorzata Biel z klasy 2f w finale Konkursu Wiedzy o W\u0142oszech<\/a><\/p>\n<p><a href=\"https:\/\/www.wroblewski.krakow.pl\/?p=2198\">23.04.2015, Zmiany w podziale godzin<\/a><\/p>\n<p><a href=\"https:\/\/www.wroblewski.krakow.pl\/?p=2190\">22.04.2015, Oliwia Sadowska i Gabriela Tekieli z klasy 2c awansowa\u0142y do mistrzostw Europy<\/a><\/p>\n<p><a href=\"https:\/\/www.wroblewski.krakow.pl\/?p=2180\">18.04.2015, Maturzy\u015bci na Wa\u0142ach Jasnog\u00f3rskich w Cz\u0119stochowie<\/a><\/p>\n<p><a href=\"https:\/\/www.wroblewski.krakow.pl\/?p=2177\">17.04.2015, Du\u017ce zainteresowanie IX Liceum w\u015br\u00f3d Gimnazjalist\u00f3w!<\/a><\/p>\n<p><a href=\"https:\/\/www.wroblewski.krakow.pl\/?p=2172\">14.04.2015, Wyniki IV Edycji Og\u00f3lnopolskiego Konkursu \u201eTadeusz Ko\u015bciuszko \u2013 In\u017cynier i \u017bo\u0142nierz\u201d<\/a><\/p>\n<p><a href=\"https:\/\/www.wroblewski.krakow.pl\/?p=2117\">13.04.2015, Wra\u017cenia ze szkolnej wymiany m\u0142odzie\u017cy ze szko\u0142\u0105 we W\u0142oszech<\/a><\/p>\n<p><a href=\"https:\/\/www.wroblewski.krakow.pl\/?p=2110\">12.04.2015, 70 rocznica wyzwolenia hitlerowskich wi\u0119zie\u0144 i oboz\u00f3w koncentracyjnych<\/a><\/p>\n<p><a href=\"https:\/\/www.wroblewski.krakow.pl\/?p=2070\">12.04.2015, Warsztaty dziennikarskie dla uczni\u00f3w IX Liceum<\/a><\/p>\n<p><a href=\"https:\/\/www.wroblewski.krakow.pl\/?p=2067\">11.04.2015, Pielgrzymka maturzyst\u00f3w na Jasn\u0105 G\u00f3r\u0119<\/a><\/p>\n<p><a href=\"https:\/\/www.wroblewski.krakow.pl\/?p=2052\">06.04.2015, Zapraszamy Gimnazjalist\u00f3w na Dzie\u0144 Otwarty IX Liceum \u2013 14 kwietnia (wtorek) 2015 r.<\/a><\/p>\n<p><a href=\"https:\/\/www.wroblewski.krakow.pl\/?p=2057\">04.03.2015, Wyniki turnieju pi\u0142ki siatkowej dru\u017cyn mieszanych o mistrzostwo IX Liceum Og\u00f3lnokszta\u0142c\u0105cego<\/a><\/p>\n<p><a href=\"https:\/\/www.wroblewski.krakow.pl\/?p=2048\">03.04.2015, \u017byczenia wielkanocne, Drodzy Uczniowie, Absolwenci i Przyjaciele IX Liceum!<\/a><\/p>\n<p><a href=\"https:\/\/www.wroblewski.krakow.pl\/?p=2045\">02.04.2015, Klasa 2e na lekcji biologii w Muzeum Przyrodniczym<\/a><\/p>\n<p><a href=\"https:\/\/www.wroblewski.krakow.pl\/?p=2062\">28.03.2015, Debiut zawodnik\u00f3w IX Liceum w Krakowskim Wieloboju Si\u0142owym<\/a><\/p>\n<p><a href=\"https:\/\/www.wroblewski.krakow.pl\/?p=1970\">24.03.2015, Wymiana mi\u0119dzyszkolna: 25 spotkanie uczni\u00f3w i nauczycieli IX Liceum i szko\u0142y partnerskiej w Niemczech<\/a><\/p>\n<p><a href=\"https:\/\/www.wroblewski.krakow.pl\/?p=2011\">20.03.2015, Harmonogram matury ustnej 2015<\/a><\/p>\n<p><a href=\"https:\/\/www.wroblewski.krakow.pl\/?p=1929\">19.03.2015, Wymiana z W\u0142ochami<\/a><\/p>\n<p><a href=\"https:\/\/www.wroblewski.krakow.pl\/?p=1985\">16.03.2015, Lekcje fizyki na Akademii G\u00f3rniczo-Hutniczej<\/a><\/p>\n<p><a href=\"https:\/\/www.wroblewski.krakow.pl\/?p=1925\">13.03.2015, Wyniki Szkolnego Festiwalu J\u0119zyka Angielskiego<\/a><\/p>\n<p><a href=\"https:\/\/www.wroblewski.krakow.pl\/?p=1909\">12.03.2015, Wielkanocna zbi\u00f3rka \u017cywno\u015bci<\/a><\/p>\n<p><a href=\"https:\/\/www.wroblewski.krakow.pl\/?p=1905\">09.03.2015, Iwona Szlachetka wy\u015bpiewa\u0142a I miejsce<\/a><\/p>\n<p><a href=\"https:\/\/www.wroblewski.krakow.pl\/?p=1899\">09.03.2015, Wyr\u00f3\u017cnienie dla Aleksandry J\u0119czmionek w finale Ma\u0142opolskiego Konkursu Wiedzy o Kulturze i J\u0119zyku W\u0142och<\/a><\/p>\n<p><a href=\"https:\/\/www.wroblewski.krakow.pl\/?p=1893\">08.02.2015, Delegacja IX Liceum na \u015awiatowe Dni M\u0142odzie\u017cy 2016<\/a><\/p>\n<p><a href=\"https:\/\/www.wroblewski.krakow.pl\/?p=1882\">05.03.2015, Pr\u00f3ba si\u0142 naszych siatkarek w turnieju \u201eOpen\u201d<\/a><\/p>\n<p><a href=\"https:\/\/www.wroblewski.krakow.pl\/?p=1875\">02.03.2015, Zaproszenie na Festiwal J\u0119zyka Angielskiego w IX Liceum!<\/a><\/p>\n<p><a href=\"https:\/\/www.wroblewski.krakow.pl\/?p=1868\">01.03.2015, 1 marca \u2013 Narodowy Dzie\u0144 Pami\u0119ci \u201e\u017bo\u0142nierzy Wykl\u0119tych\u201d<\/a><\/p>\n<p><a href=\"https:\/\/www.wroblewski.krakow.pl\/?p=1866\">28.02.2015, Wykwintne potrawy w \u201eDniu kultury francuskiej i w\u0142oskiej\u201d<\/a><\/p>\n<p><a href=\"https:\/\/www.wroblewski.krakow.pl\/?p=1850\">28.02.2015, Uczniowie klasy 3c na warsztatach na Wydziale Energetyki i Paliw AGH w Krakowie<\/a><\/p>\n<p><a href=\"https:\/\/www.wroblewski.krakow.pl\/?p=1845\">26.02.2015, Monika Pi\u0105tek powt\u00f3rzy\u0142a ubieg\u0142oroczny sukces w p\u0142ywaniu<\/a><\/p>\n<p><a href=\"https:\/\/www.wroblewski.krakow.pl\/?p=1842\">26.02.2015, Julia Strzelichowska awansowa\u0142a do wojew\u00f3dzkich zawod\u00f3w w snowboardzie<\/a><\/p>\n<p><a href=\"https:\/\/www.wroblewski.krakow.pl\/?p=1787\">21.02.2015, Aleksandra J\u0119czmionek w finale Ma\u0142opolskiego Konkursu Wiedzy o Kulturze i J\u0119zyku W\u0142och<\/a><\/p>\n<p><a href=\"https:\/\/www.wroblewski.krakow.pl\/?p=1731\">06.02.2015, Poczta walentynkowa 2015<\/a><\/p>\n<p><a href=\"https:\/\/www.wroblewski.krakow.pl\/?p=1724\">04.02.2015, Br\u0105zowy medal dla narciarzy z IX LO<\/a><\/p>\n<p><a href=\"https:\/\/www.wroblewski.krakow.pl\/?p=1719\">26.01.2015, Uczennice IX LO w Ma\u0142opolskim Konkursie Wiedzy o Kulturze i J\u0119zyku W\u0142och<\/a><\/p>\n<p><a href=\"https:\/\/www.wroblewski.krakow.pl\/?p=1716\">23.01.2015, Wyniki wybor\u00f3w do Samorz\u0105du Uczniowskiego<\/a><\/p>\n<p><a href=\"https:\/\/www.wroblewski.krakow.pl\/?p=1712\">22.01.2015, Monika Pi\u0105tek z kl. II c \u201ewp\u0142yn\u0119\u0142a\u201d na II miejsce w Licealiadzie<\/a><\/p>\n<p><a href=\"https:\/\/www.wroblewski.krakow.pl\/?p=1706\">20.01.2015, II miejsce dla IX LO w rankingu wojew\u00f3dzkim Szkolnej Internetowej Gry Gie\u0142dowej<\/a><\/p>\n<p><a href=\"https:\/\/www.wroblewski.krakow.pl\/?p=1697\">19.01.2015, Projekt edukacyjny \u201eZnani W\u0142osi\u201d<\/a><\/p>\n<p><a href=\"https:\/\/www.wroblewski.krakow.pl\/?p=1695\">18.01.2015, Wybory do Samorz\u0105du Uczniowskiego<\/a><\/p>\n<p><a href=\"https:\/\/www.wroblewski.krakow.pl\/?p=1692\">18.01.2015, Wyniki eliminacji szkolnych XXX Olimpiady Wiedzy Ekologicznej<\/a><\/p>\n<p><a href=\"https:\/\/www.wroblewski.krakow.pl\/?p=1687\">13.01.2015, Uczennice z IX LO w czo\u0142\u00f3wce konkursu literackiego<\/a><\/p>\n<p><a href=\"https:\/\/www.wroblewski.krakow.pl\/?p=1684\">12.01.2015, Wybory do Samorz\u0105du Uczniowskiego<\/a><\/p>\n<p><a href=\"https:\/\/www.wroblewski.krakow.pl\/?p=1682\">11.01.2015, Projekt polonistyczny \u201ePolub polski!\u201d<\/a><\/p>\n<p><a href=\"https:\/\/www.wroblewski.krakow.pl\/?p=1679\">11.01.2015, Olimpiada Wiedzy Ekologicznej<\/a><\/p>\n<p><a href=\"https:\/\/www.wroblewski.krakow.pl\/?p=1677\">10.01.2015, Wolne miejsca na wymian\u0119 uczni\u00f3w ze szko\u0142\u0105 w Niemczech<\/a><\/p>\n<p><a href=\"https:\/\/www.wroblewski.krakow.pl\/?p=1674\">09.01.2015, Zako\u0144czenie \u015bwi\u0105tecznej akcji charytatywnej w IX Liceum Og\u00f3lnokszta\u0142c\u0105cym<\/a><\/p>\n<p><a href=\"https:\/\/www.wroblewski.krakow.pl\/?p=1672\">09.01.2015, Podsumowanie akcji \u201eSzlachetna Paczka 2014\u201d<\/a><\/p>\n<p><a href=\"https:\/\/www.wroblewski.krakow.pl\/?p=1667\">23.12.2014, Weso\u0142ych \u015awi\u0105t Bo\u017cego Narodzenia<\/a><\/p>\n<p><a href=\"https:\/\/www.wroblewski.krakow.pl\/?p=1662\">23.12.2014, \u015awi\u0105tecznej magii czar\u2026<\/a><\/p>\n<p><a href=\"https:\/\/www.wroblewski.krakow.pl\/?p=1652\">23.12.2014, O zwyczajach adwentowych i bo\u017conarodzeniowych w krajach niemieckoj\u0119zycznych<\/a><\/p>\n<p><a href=\"https:\/\/www.wroblewski.krakow.pl\/?p=1612\">20.12.2014, Klasa 1a na warsztatach z genetyki na UJ<\/a><\/p>\n<p><a href=\"https:\/\/www.wroblewski.krakow.pl\/?p=1607\">20.12.2014, El\u017cbieta Kaleta z klasy 3f stypendystk\u0105 Prezesa Rady Ministr\u00f3w<\/a><\/p>\n<p><a href=\"https:\/\/www.wroblewski.krakow.pl\/?p=1601\">17.12.2014, Klasa 3a na warsztatach historycznych w Uniwersytecie Pedagogicznym<\/a><\/p>\n<p><a href=\"https:\/\/www.wroblewski.krakow.pl\/?p=1590\">11.12.2014, Klasa 2d na lekcji w Muzeum Przyrodniczym Instytutu Systematyki i Ewolucji Zwierz\u0105t PAN<\/a><\/p>\n<p><a href=\"https:\/\/www.wroblewski.krakow.pl\/?p=1577\">09.12.2014, Wyr\u00f3\u017cnienie \u201eM\u0142ody Anio\u0142\u201d dla grupy charytatywnej z IX Liceum<\/a><\/p>\n<p><a href=\"https:\/\/www.wroblewski.krakow.pl\/?p=1571\">06.12.2014, III miejsce dla naszych pi\u0142karek r\u0119cznych w Licealiadzie 2014\/2015<\/a><\/p>\n<p><a href=\"https:\/\/www.wroblewski.krakow.pl\/?p=1563\">01.12.2014, Klasa 1c na warsztatach z genetyki<\/a><\/p>\n<p><a href=\"https:\/\/www.wroblewski.krakow.pl\/?p=1559\">23.11.2014, Szlachetna Paczka 2014<\/a><\/p>\n<p><a href=\"https:\/\/www.wroblewski.krakow.pl\/?p=1554\">20.11.2014, 25 rocznica upadku Muru Berli\u0144skiego na lekcjach j\u0119zyka niemieckiego<\/a><\/p>\n<p><a href=\"https:\/\/www.wroblewski.krakow.pl\/?p=1550\">18.11.2014, Ekonomia w praktyce, czyli podstawy praktycznego inwestowania<\/a><\/p>\n<p><a href=\"https:\/\/www.wroblewski.krakow.pl\/?p=1545\">16.11.2014, Uczniowie IX LO once upon a time\u2026 in Bad Marienbergu w Niemczech<\/a><\/p>\n<p><a href=\"https:\/\/www.wroblewski.krakow.pl\/?p=1541\">13.11.2014, \u201e\u015apiewa\u0107 ka\u017cdy mo\u017ce\u2026\u201d<\/a><\/p>\n<p><a href=\"https:\/\/www.wroblewski.krakow.pl\/?p=1531\">13.11.2014, Klasa 3c na wycieczce w Dobczycach<\/a><\/p>\n<p><a href=\"https:\/\/www.wroblewski.krakow.pl\/?p=1471\">07.11.2014, Szkolne wyj\u015bcie na film pt. \u201eMiasto 44\u2033<\/a><\/p>\n<p><a href=\"https:\/\/www.wroblewski.krakow.pl\/?p=1467\">01.11.2014, Z\u0142o\u017cenie kwiat\u00f3w na grobie patrona prof. Zygmunta Wr\u00f3blewskiego<\/a><\/p>\n<p><a href=\"https:\/\/www.wroblewski.krakow.pl\/?p=1459\">29.10.2014, Uczniowie klasy 3a uczestniczyli w sesji historycznej pt. \u201eCzas upadku, czas post\u0119pu\u201d<\/a><\/p>\n<p><a href=\"https:\/\/www.wroblewski.krakow.pl\/?p=1449\">23.10.2014, Uczniowie klasy 3b i 3a uczestniczyli w Og\u00f3lnopolskim Tygodniu Kariery<\/a><\/p>\n<p><a href=\"https:\/\/www.wroblewski.krakow.pl\/?p=1435\">22.10.2014, Klasa 2e na zaj\u0119ciach w Ogrodzie Botanicznym<\/a><\/p>\n<p><a href=\"https:\/\/www.wroblewski.krakow.pl\/?p=1428\">20.10.2014, Pierwsze miejsca naszych uczni\u00f3w w finale konkursu \u201eGalicyjskie losy\u201d<\/a><\/p>\n<p><a href=\"https:\/\/www.wroblewski.krakow.pl\/?p=1422\">17.10.2014, Uczniowie klasy 3f na warsztatach w urz\u0119dzie skarbowym<\/a><\/p>\n<p><a href=\"https:\/\/www.wroblewski.krakow.pl\/?p=1399\">14.10.2014, Klasa 2e na wycieczce we Wroc\u0142awiu<\/a><\/p>\n<p><a href=\"https:\/\/www.wroblewski.krakow.pl\/?p=1375\">08.10.2014, Na rzecz Kresowian mieszkaj\u0105cych na Ukrainie<\/a><\/p>\n<p><a href=\"https:\/\/www.wroblewski.krakow.pl\/?p=1350\">01.10.2014, Uczniowie klasy 3f w kolejnym etapie konkursu \u201eGalicyjskie losy\u201d<\/a><\/p>\n<p><a href=\"https:\/\/www.wroblewski.krakow.pl\/?p=1347\">01.10.2014, W\u0142osi ze szko\u0142y partnerskiej w Anzio z rewizyt\u0105 w IX Liceum<\/a><\/p>\n<p><a href=\"https:\/\/www.wroblewski.krakow.pl\/?p=1342\">30.09.2014, Klasa 2d na warsztatach w Ogrodzie Botanicznym<\/a><\/p>\n<p><a href=\"https:\/\/www.wroblewski.krakow.pl\/?p=1331\">26.09.2014, 75 rocznica powstania Polskiego Pa\u0144stwa Podziemnego<\/a><\/p>\n<p><a href=\"https:\/\/www.wroblewski.krakow.pl\/?p=1318\">26.09.2014, Podzia\u0142 godzin na rok szkolny 2014-2015 dost\u0119pny do pobrania<\/a><\/p>\n<p><a href=\"https:\/\/www.wroblewski.krakow.pl\/?p=1316\">25.09.2014, Og\u00f3lnopolski Konkurs Ekologiczny \u201eEko-Planeta\u201d i Geograficzny \u201eGeo-Planeta\u201d<\/a><\/p>\n<p><a href=\"https:\/\/www.wroblewski.krakow.pl\/?p=1313\">22.09.2014, Uczniowie naszego Liceum w Krakowskim Salonie Maturzyst\u00f3w<\/a><\/p>\n<p><a href=\"https:\/\/www.wroblewski.krakow.pl\/?p=1310\">21.09.2014, Konkurs ekologiczny pt. \u201eMoje miejsce zamieszkania w procesie zmian\u201d<\/a><\/p>\n<p><a href=\"https:\/\/www.wroblewski.krakow.pl\/?p=1306\">18.09.2014, Adrian Masny trzykrotnie na podium w Pucharze Polski w zje\u017adzie MTB Downhill<\/a><\/p>\n<p><a href=\"https:\/\/www.wroblewski.krakow.pl\/?p=1302\">11.09.2014, Odbi\u00f3r \u015bwiadectw dojrza\u0142o\u015bci po sesji sierpniowej<\/a><\/p>\n<p><a href=\"https:\/\/www.wroblewski.krakow.pl\/?p=1290\">08.09.2014, Zebrania z Rodzicami \u2013 wtorek \u2013 09.09.2014<\/a><\/p>\n<p><a href=\"https:\/\/www.wroblewski.krakow.pl\/?p=1286\">07.09.2014, Spojrzenie na W\u0142ochy \u2013 konkurs fotograficzny<\/a><\/p>\n<p><a href=\"https:\/\/www.wroblewski.krakow.pl\/?p=1284\">07.09.2014, Pro\u015bba o wsparcie dla potrzebuj\u0105cych kole\u017canek i koleg\u00f3w<\/a><\/p>\n<p><a href=\"https:\/\/www.wroblewski.krakow.pl\/?p=1280\">01.09.2014, Zaproszenie do udzia\u0142u w gie\u0142dzie podr\u0119cznik\u00f3w u\u017cywanych<\/a><\/p>\n<p><a href=\"https:\/\/www.wroblewski.krakow.pl\/?p=1275\">01.09.2014, Uroczyste rozpocz\u0119cie roku szkolnego 2014-2015<\/a><\/p>\n<p><a href=\"https:\/\/www.wroblewski.krakow.pl\/?p=1255\">25.08.2014, Rozpocz\u0119cie roku szkolnego 2014-2015 \u2013 Zaproszenie<\/a><\/p>\n","protected":false},"excerpt":{"rendered":"<p>31.07.2015, Sukces IX Liceum w programie Erasmus+ 10.07.2015, Godziny pracy sekretariatu we wakacje 08.07.2015, Wolne miejsca w klasach pierwszych 05.07.2015, Sportowe sukcesy uczni\u00f3w IX Liceum w roku szkolnym 2014-2015 01.07.2015, Chcesz by\u0107 dziennikarzem? 30.06.2015, Rozpocz\u0119cie oficjalnej wsp\u00f3\u0142pracy z Uniwersytetem Papieskim Jana Paw\u0142a II 28.06.2015, Uroczysto\u015b\u0107 zako\u0144czenia roku szkolnego 2014\/2015 25.06.2015, Spotkanie ze \u015bwiadkiem historii Julianem Wieciechem 22.06.2015, Dzie\u0144 Patrona IX Liceum i Dzie\u0144 Sportu 21.06.2015, Mistrzowie j\u0119zyka w\u0142oskiego IX Liceum odebrali nagrody 18.06.2015, Klasa 2d w Muzeum Anatomii 17.06.2015, Polsko-niemieckie warsztaty w IX Liceum w ramach akcji PNWM \u201edzie\u0144 \u2014 der Tag&#8221; 11.06.2015, Podzi\u0119kowanie dla pocztu sztandarowego IX Liceum 08.06.2015, [&hellip;]<\/p>\n","protected":false},"author":5,"featured_media":0,"parent":0,"menu_order":0,"comment_status":"closed","ping_status":"closed","template":"","meta":[],"_links":{"self":[{"href":"https:\/\/www.wroblewski.krakow.pl\/index.php?rest_route=\/wp\/v2\/pages\/2082"}],"collection":[{"href":"https:\/\/www.wroblewski.krakow.pl\/index.php?rest_route=\/wp\/v2\/pages"}],"about":[{"href":"https:\/\/www.wroblewski.krakow.pl\/index.php?rest_route=\/wp\/v2\/types\/page"}],"author":[{"embeddable":true,"href":"https:\/\/www.wroblewski.krakow.pl\/index.php?rest_route=\/wp\/v2\/users\/5"}],"replies":[{"embeddable":true,"href":"https:\/\/www.wroblewski.krakow.pl\/index.php?rest_route=%2Fwp%2Fv2%2Fcomments&post=2082"}],"version-history":[{"count":30,"href":"https:\/\/www.wroblewski.krakow.pl\/index.php?rest_route=\/wp\/v2\/pages\/2082\/revisions"}],"predecessor-version":[{"id":9031,"href":"https:\/\/www.wroblewski.krakow.pl\/index.php?rest_route=\/wp\/v2\/pages\/2082\/revisions\/9031"}],"wp:attachment":[{"href":"https:\/\/www.wroblewski.krakow.pl\/index.php?rest_route=%2Fwp%2Fv2%2Fmedia&parent=2082"}],"curies":[{"name":"wp","href":"https:\/\/api.w.org\/{rel}","templated":true}]}}