{"id":3267,"date":"2016-02-21T23:45:22","date_gmt":"2016-02-21T22:45:22","guid":{"rendered":"https:\/\/www.wroblewski.krakow.pl\/?page_id=3267"},"modified":"2026-02-19T15:59:19","modified_gmt":"2026-02-19T14:59:19","slug":"historia-i-wiedza-o-spoleczenstwie","status":"publish","type":"page","link":"https:\/\/www.wroblewski.krakow.pl\/?page_id=3267","title":{"rendered":"Historia i Wiedza o Spo\u0142ecze\u0144stwie"},"content":{"rendered":"<p>Historii i wiedzy o spo\u0142ecze\u0144stwie uczymy w zakresie podstawowym (klasa A, B, C) lub w zakresie rozszerzonym (klasa D).<\/p>\n<p>Nauczyciele s\u0105 egzaminatorami OKE oraz nauczycielami \u0107wiczeniowymi dla student\u00f3w z Uniwersytetu Jagiello\u0144skiego i Uniwersytetu Pedagogicznego.<\/p>\n<p>Organizujemy dodatkowe konsultacje dla maturzyst\u00f3w z historii i wiedzy o spo\u0142ecze\u0144stwie oraz matur\u0119 pr\u00f3bn\u0105 z obu przedmiot\u00f3w.<\/p>\n<p>Uczniowie szczeg\u00f3lnie zainteresowani histori\u0105 lub wiedz\u0105 o spo\u0142ecze\u0144stwie mog\u0105 uczestniczy\u0107 w konkursach przedmiotowych, olimpiadach i sesjach naukowych.<\/p>\n<p>Na lekcjach korzystamy z metody projektu, materia\u0142\u00f3w \u017ar\u00f3d\u0142owych, metody Larpa (WOS), wsp\u00f3\u0142pracujemy z Instytutem Pami\u0119ci Narodowej, Okr\u0119gow\u0105 Izb\u0105 Adwokack\u0105, Stowarzyszeniem Europe 4-You,\u00a0uczestniczymy w ka\u017cdym roku w wyk\u0142adach historycznych prowadzonych przez pracownik\u00f3w naukowych UJ, UP, IPN (Akademia Siemaszki), akcentujemy rocznice historyczne na terenie szko\u0142y.<\/p>\n<p>W ramach realizacji podstawy programowej organizujemy:<\/p>\n<ul>\n<li>wyj\u015bcia na filmy o tematyce historycznej,<\/li>\n<li>wyj\u015bcia do muze\u00f3w krakowskich np. Muzeum Emalia Schindlera, Muzeum Armii Krajowej, Muzeum Narodowe,<\/li>\n<li>wyjazdy edukacyjne, np. do Muzeum Auschwitz-Birkenau i do Muzeum Powstania Warszawskiego,<\/li>\n<li>spotkania ze \u015awiadkami Historii XX wieku<\/li>\n<\/ul>\n<p style=\"text-align: right;\"><em>Zesp\u00f3\u0142 Nauczycieli Historii, Wiedzy o Spo\u0142ecze\u0144stwie i Historii i Tera\u017aniejszo\u015bci<\/em><\/p>\n<p>Zobacz przyk\u0142adowe wydarzenia zwi\u0105zane z realizacj\u0105 podstawy programowej tych przedmiot\u00f3w:<\/p>\n<p><strong>Rok szkolny 2025-2026<\/strong><\/p>\n<p><a href=\"https:\/\/www.wroblewski.krakow.pl\/?p=20592\" data-rich-text-format-boundary=\"true\">31.01.2026, 5 uczni\u00f3w \u201eWr\u00f3blewskiego\u201d w etapie okr\u0119gowym 67. edycji Olimpiady Wiedzy o Polsce i \u015awiecie Wsp\u00f3\u0142czesnym<\/a><\/p>\n\n\n<p><a href=\"https:\/\/www.wroblewski.krakow.pl\/?p=20527\" data-type=\"URL\" data-id=\"https:\/\/www.wroblewski.krakow.pl\/?p=20527\">22.01.2026, Udzia\u0142 Pocztu Sztandarowego w obchodach 163. rocznicy wybuchu Powstania Styczniowego<\/a><\/p>\n\n\n\n<p><a href=\"https:\/\/www.wroblewski.krakow.pl\/?p=20343\">15.12.2025, \u015awiadkowie historii Piotr Fugiel i Tomasz Balon-Mroczek na spotkaniu z m\u0142odzie\u017c\u0105 \u201eWr\u00f3blewskiego\u201d<\/a><\/p>\n\n\n\n<p><a href=\"https:\/\/www.wroblewski.krakow.pl\/?p=20318\">13.12.2025, Klasa 4e na UPJPII na konferencji naukowej pt. \u201eGiganci Solidarno\u015bci: Popie\u0142uszko i Tischner\u201d<\/a><\/p>\n\n\n\n<p><a href=\"https:\/\/www.wroblewski.krakow.pl\/?p=20119\" data-type=\"post\" data-id=\"20119\">22.11.2025, Narodowe \u015awi\u0119to Niepodleg\u0142o\u015bci w IX LO w Krakowie<\/a><\/p>\n\n\n\n<p><a href=\"https:\/\/www.wroblewski.krakow.pl\/?page_id=20249\" data-type=\"page\" data-id=\"20249\">21.11.2025, Tworz\u0119, g\u0142osuj\u0119, decyduj\u0119 \u2013 czyli Szkolny Bud\u017cet Obywatelski w IX LO<\/a><\/p>\n\n\n\n<p><a href=\"https:\/\/www.wroblewski.krakow.pl\/?p=20037\" data-type=\"post\" data-id=\"20037\">18.11.2025, Klasa 3c w Panteonie Narodowym z\u0142o\u017cy\u0142a kwiaty przy sarkofagu Patrona IX LO<\/a><\/p>\n\n\n\n<p><a href=\"https:\/\/www.wroblewski.krakow.pl\/?p=20055\" data-type=\"post\" data-id=\"20055\">14.11.2025, Dzie\u0144 studyjny maturzyst\u00f3w w Miejscu Pami\u0119ci i Muzeum Auschwitz-Birkenau<\/a><\/p>\n\n\n\n<p><a href=\"https:\/\/www.wroblewski.krakow.pl\/?p=19797\" data-type=\"post\" data-id=\"19797\">01.10.2025, Zaj\u0119cia na temat \u201eCzym jest bud\u017cet obywatelski i jak g\u0142osowa\u0107\u201d<\/a><\/p>\n\n\n\n<p><strong>Rok szkolny 2024-2025<\/strong> <\/p>\n\n\n\n<p><a href=\"https:\/\/www.wroblewski.krakow.pl\/?p=19359\">13.06.2025, Wyj\u015bcie klasy 2c do Muzeum Armii Krajowej na spektakl pt. \u201eNil\u201d<\/a> <\/p>\n\n\n\n<p><a href=\"https:\/\/www.wroblewski.krakow.pl\/?p=19284\">05.06.2025, Klasa 3e na warsztatach w Urz\u0119dzie Marsza\u0142kowskim Wojew\u00f3dztwa Ma\u0142opolskiego<\/a> <\/p>\n\n\n\n<p><a href=\"https:\/\/www.wroblewski.krakow.pl\/?p=19275\">04.06.2025, Uczniowie IX LO jako wolontariusze krakowskiego Biegu Wolno\u015bci i Poloneza Wolno\u015bci<\/a> <\/p>\n\n\n\n<p><a href=\"https:\/\/www.wroblewski.krakow.pl\/?p=19244\">6.05.2025, I i III miejsce uczennic z klasy 3e w konkursie historycznym \u201eCzy znasz Krak\u00f3w\u201d!<\/a> <\/p>\n\n\n\n<p><a href=\"https:\/\/www.wroblewski.krakow.pl\/?p=19219\">08.05.2025, Udzia\u0142 uczni\u00f3w IX LO w projekcie Akademia Siemaszki IMPRIMIS VERBUM<\/a> <\/p>\n\n\n\n<p><a href=\"https:\/\/www.wroblewski.krakow.pl\/?p=19157\">06.05.2025, Benedykt Dardzi\u0144ski (3e) finalist\u0105 XVIII Og\u00f3lnopolskiej Olimpiady Losy \u017co\u0142nierza i dzieje or\u0119\u017ca polskiego!<\/a> <\/p>\n\n\n\n<p><a href=\"https:\/\/www.wroblewski.krakow.pl\/?p=19130\">30.04.2025, Szkolna uroczysto\u015b\u0107 z okazji \u015awi\u0119ta Narodowego Konstytucji 3-Maja<\/a> <\/p>\n\n\n\n<p><a href=\"https:\/\/www.wroblewski.krakow.pl\/?p=18988\">15.04.2025, IX LO na IV miejscu w Krakowskim Finale Debat Oksfordzkich<\/a> <\/p>\n\n\n\n<p><a href=\"https:\/\/www.wroblewski.krakow.pl\/?p=18828\">26.03.2025, Klasa 2a zwiedzi\u0142a Katedr\u0119 na Wawelu<\/a> <\/p>\n\n\n\n<p><a href=\"https:\/\/www.wroblewski.krakow.pl\/?p=18795\">23.03.2025, Klasa 3e w S\u0105dzie Okr\u0119gowym w Krakowie<\/a> <\/p>\n\n\n\n<p><a href=\"https:\/\/www.wroblewski.krakow.pl\/?p=18636\">14.02.2025, Sukcesy uczni\u00f3w z klasy 3e: \u0141ucji Gilowskiej i Benedykta Dardzi\u0144skiego<\/a> <\/p>\n\n\n\n<p><a href=\"https:\/\/www.wroblewski.krakow.pl\/?p=18437\">13.12.2024, Spotkanie z Piotrem Fugielem, \u015bwiadkiem najnowszej historii \u2013 13 grudnia 1981 roku<\/a> <\/p>\n\n\n\n<p><a href=\"https:\/\/www.wroblewski.krakow.pl\/?p=18371\">26.11.2024, Dzie\u0144 studyjny klas maturalnych w Muzeum Auschwitz-Birkenau<\/a> <\/p>\n\n\n\n<p><a href=\"https:\/\/www.wroblewski.krakow.pl\/?p=18306\">16.11.2024, Klasy humanistyczne 2e i 3e obejrza\u0142y wystaw\u0119 pt. \u201eNiech \u017cyje kr\u00f3l! Koronacje Sas\u00f3w na Wawelu\u201d<\/a> <\/p>\n\n\n\n<p><a href=\"https:\/\/www.wroblewski.krakow.pl\/?p=18225\">07.11.2024, \u015awi\u0119to Niepodleg\u0142o\u015bci w IX Liceum Og\u00f3lnokszta\u0142c\u0105cym im. Z. Wr\u00f3blewskiego<\/a> <\/p>\n\n\n\n<p><a href=\"https:\/\/www.wroblewski.krakow.pl\/?p=18179\">04.11.2024, III edycja akcji pt. \u201eAdwokaci rozja\u015bniaj\u0105 prawo\u201d w IX LO<\/a> <\/p>\n\n\n\n<p><a href=\"https:\/\/www.wroblewski.krakow.pl\/?p=18083\">11.10.2024, Klasa 2e na lekcji muzealnej w Collegium Maius<\/a> <\/p>\n\n\n\n<p><a href=\"https:\/\/www.wroblewski.krakow.pl\/?p=17951\">26.09.2024, Spotkanie z prokuratorem Piotrem Kosmatym, absolwentem szko\u0142y<\/a> <\/p>\n\n\n\n<p><a href=\"https:\/\/www.wroblewski.krakow.pl\/?p=17908\">20.09.2024, Klasa 2d w Muzeum Uniwersytetu Jagiello\u0144skiego<\/a> <\/p>\n\n\n\n<p><a href=\"https:\/\/www.wroblewski.krakow.pl\/?p=17895\">13.09.2024, M\u0142odzie\u017c ,,Wr\u00f3blewskiego\u201d pami\u0119ta: Dni Pami\u0119ci Ofiar Gestapo<\/a> <\/p>\n\n\n\n<p><strong>Rok szkolny 2023-2024<\/strong><\/p>\n\n\n<p><a href=\"https:\/\/www.wroblewski.krakow.pl\/?p=16739\">24.01.2024, \u201eKlasa 2a na lekcji muzealnej pt. Szabla, bu\u0142awa, sarmacka zabawa\u201d<\/a><\/p>\n<p><a href=\"https:\/\/www.wroblewski.krakow.pl\/?p=16486\">13.12.2023, \u201eSpotkanie z panem Grzegorzem Kowalskim \u2013 \u015awiadkiem Historii stanu wojennego\u201d<\/a><\/p>\n<p><a href=\"https:\/\/www.wroblewski.krakow.pl\/?p=16427\">06.12.2023, \u201eKlasa 4e na lekcji muzealnej pt. Matejko. Malarz i historia.\u201d<\/a><\/p>\n<p><a href=\"https:\/\/www.wroblewski.krakow.pl\/?p=16298\">17 i 24.11.2023, \u201eDzie\u0144 studyjny klas maturalnych w Muzeum Auschwitz-Birkenau\u201d<\/a><\/p>\n<p><a href=\"https:\/\/www.wroblewski.krakow.pl\/?p=16242\">09.11.2023, Uroczysta zmiana sk\u0142adu Pocztu Sztandarowego szko\u0142y w czasie obchod\u00f3w \u015awi\u0119ta Niepodleg\u0142o\u015bci w IX Liceum<\/a><\/p>\n<p><a href=\"https:\/\/www.wroblewski.krakow.pl\/?p=15755\">11-13.10.2023, Projekt Ko\u0142a Debat \u201eOXDYSEJA\u201d w Poroninie<\/a><\/p>\n<p><a href=\"https:\/\/www.wroblewski.krakow.pl\/?p=15612\">29.09.2023, \u201eKlasa 3b na pokazie filmu Raport Pileckiego\u201d<\/a><\/p>\n<p><a href=\"https:\/\/www.wroblewski.krakow.pl\/?p=15602\">22.09.2023, \u201eNauk przemo\u017cnych per\u0142a. Klasa 2e w Collegium Maius\u201d<\/a><\/p>\n<p><a href=\"https:\/\/www.wroblewski.krakow.pl\/?p=15562\">08.09.2023, \u201eWr\u00f3blewski na obchodach Dni Pami\u0119ci Gestapo\u201d<\/a><\/p>\n<p><strong>Rok szkolny 2022-2023<\/strong><\/p>\n<p><a href=\"https:\/\/www.wroblewski.krakow.pl\/?p=14724\">03.04.2023, Julia Parda\u0142a (4e) finalistk\u0105 eliminacji centralnych XXV Og\u00f3lnopolskiej Olimpiady Wiedzy o Prawie<\/a><\/p>\n<p><a href=\"https:\/\/www.wroblewski.krakow.pl\/?p=14718\">02.04.2023, Klasy 2e i 3e (humanistyczne) na wycieczce w Warszawie<\/a><\/p>\n<p><a href=\"https:\/\/www.wroblewski.krakow.pl\/?p=14665\">25.03.2023, Wyniki etapu szkolnego Konkursu Historycznego \u201ePolska-W\u0119gry \u2013 Historia Przyja\u017ani\u201d<\/a><\/p>\n<p><a href=\"https:\/\/www.wroblewski.krakow.pl\/?p=14588\">07.03.2023, Klasa 1a w Panteonie Narodowym<\/a><\/p>\n<p><a href=\"https:\/\/www.wroblewski.krakow.pl\/?p=14585\">06.03.2023, Julia Parda\u0142a z klasy 4e awansowa\u0142a do etapu centralnego XXV Og\u00f3lnopolskiej Olimpiady Wiedzy o Prawie<\/a><\/p>\n<p><a href=\"https:\/\/www.wroblewski.krakow.pl\/?p=14547\">02.03.2023, Poczet sztandarowy na uroczysto\u015bci z okazji Dnia Pami\u0119ci ,,\u017bo\u0142nierzy Wykl\u0119tych\u201d<\/a><\/p>\n<p><a href=\"https:\/\/www.wroblewski.krakow.pl\/?p=14428\">31.01.2023, Klasa 4e w projekcie pt. \u201e(Nie)\u015bmiertelny Prezydent\u201d<\/a><\/p>\n<p><a href=\"https:\/\/www.wroblewski.krakow.pl\/?p=14233\">13.12.2022, Spotkanie ze \u015bwiadkiem historii \u2013 Janem Franczykiem<\/a><\/p>\n<p><a href=\"https:\/\/www.wroblewski.krakow.pl\/?p=14167\">30.11.2022, Klasy 4a i 4d w Miejscu Pami\u0119ci i Muzeum Auschwitz-Birkenau<\/a><\/p>\n<p><a href=\"https:\/\/www.wroblewski.krakow.pl\/?p=14106\">22.11.2022, &#8222;Wr\u00f3blewski&#8221; w XXV Og\u00f3lnopolskiej Olimpiadzie Wiedzy o Prawie<\/a><\/p>\n<p><a href=\"https:\/\/www.wroblewski.krakow.pl\/?p=14093\">18.11.2022, Klasy humanistyczne rozpocz\u0119\u0142y udzia\u0142 w projekcie Akademia Siemaszki<\/a><\/p>\n<p><a href=\"https:\/\/www.wroblewski.krakow.pl\/?p=8131\">06.03.2019,\u00a0Klasa 1b na wystawie \u201eDzieje z\u0142otego\u201d &gt;&gt;&gt;&gt;<\/a><\/p>\n<p><a href=\"https:\/\/www.wroblewski.krakow.pl\/?p=8092\">04.03.2019,\u00a0Warsztaty interpretacji zagadnie\u0144 prawnych &gt;&gt;&gt;&gt;<\/a><\/p>\n<p><a href=\"https:\/\/www.wroblewski.krakow.pl\/?p=14046\">12.11.2022, Klasa 1b w Muzeum Historycznym przy ul. Pomorskiej<\/a><\/p>\n<p><a href=\"https:\/\/www.wroblewski.krakow.pl\/?p=14042\">11.11.2022, Narodowe \u015awi\u0119to Odzyskania Niepodleg\u0142o\u015bci w IX Liceum<\/a><\/p>\n<p><a href=\"https:\/\/www.wroblewski.krakow.pl\/?p=13946\">03.11.2022, Klasa 1a w Muzeum Historycznym przy ul. Pomorskiej<\/a><\/p>\n<p><a href=\"https:\/\/www.wroblewski.krakow.pl\/?p=13911\">28.10.2022, Wyj\u015bcie na projekcj\u0119 filmu \u201eOrl\u0119ta. Grodno\u201939\u201d<\/a><\/p>\n<p><a href=\"https:\/\/www.wroblewski.krakow.pl\/?p=13552\">12.09.2022, Dni Pami\u0119ci Ofiar Gestapo<\/a><\/p>\n<p><strong>Rok szkolny 2018-2019<\/strong><\/p>\n<p><a href=\"https:\/\/www.wroblewski.krakow.pl\/?p=7813\">13.02.2019, \u201eLista Schindlera\u201d \u2013 25. rocznica premiery<\/a><\/p>\n<p><a href=\"https:\/\/www.wroblewski.krakow.pl\/?p=7336\">13.12.2018, Spotkanie ze \u015bwiadkiem historii &#8211; 13 grudnia 1981 &#8211; Edwardem Nowakiem<\/a><\/p>\n<p><a href=\"https:\/\/www.wroblewski.krakow.pl\/?p=7292\">08.12.2018, Klasy 2e i 3e na spotkaniu ze \u201eZ\u0142ot\u0105 Dam\u0105\u201d<\/a><\/p>\n<p><a href=\"https:\/\/www.wroblewski.krakow.pl\/?p=7065\">21.11.2018, Klasa 2c w Panteonach Wielkich Polak\u00f3w<\/a><\/p>\n<p><a href=\"https:\/\/www.wroblewski.krakow.pl\/?p=6994\">15.11.2018, Krakowskie Panteony Narodowe<\/a><\/p>\n<p><a href=\"https:\/\/www.wroblewski.krakow.pl\/?p=6965\">11.11.2018, REKORD DLA NIEPODLEG\u0141EJ w IX Liceum<\/a><\/p>\n<p><a href=\"https:\/\/www.wroblewski.krakow.pl\/?p=6938\">10.11.2018, Uroczysta akademia z okazji obchod\u00f3w 100-lecia odzyskania niepodleg\u0142o\u015bci przez Polsk\u0119<\/a><\/p>\n<p><a href=\"https:\/\/www.wroblewski.krakow.pl\/?p=6870\">08.11.2018, Obchody 100. rocznicy odzyskania przez Polsk\u0119 niepodleg\u0142o\u015bci w IX Liceum<\/a><\/p>\n<p><a href=\"https:\/\/www.wroblewski.krakow.pl\/?p=6905\">08.11.2018, Julius Madritsch \u2013 Sprawiedliwy w\u015br\u00f3d Narod\u00f3w \u015awiata<\/a><\/p>\n<p><a href=\"https:\/\/www.wroblewski.krakow.pl\/?p=6803\">06.11.2018, Wolno\u015b\u0107 przysz\u0142a z Podg\u00f3rza\u2026<\/a><\/p>\n<p><a href=\"https:\/\/www.wroblewski.krakow.pl\/?p=6738\">29.10.2018, Dotkn\u0105\u0107 koszmaru wojny \u2013 wyjazd studyjny uczni\u00f3w klas 3e i 3f do Muzeum Auschwitz-Birkenau<\/a><\/p>\n<p><a href=\"https:\/\/www.wroblewski.krakow.pl\/?p=6643\">20.10.2018, Wybitny chemik i fizyk w Panteonie Narodowym<\/a><\/p>\n<p><a href=\"https:\/\/www.wroblewski.krakow.pl\/?p=6634\">20.10.2018, Udzia\u0142 klas 1d i 3f w konferencji \u201eUczeni czas\u00f3w niewoli\u201d zorganizowanej przez Polsk\u0105 Akademi\u0119 Umiej\u0119tno\u015bci<\/a><\/p>\n<p><a href=\"https:\/\/www.wroblewski.krakow.pl\/?p=6468\">01.10.2018, 303. Bitwa o Angli\u0119 \u2013 ods\u0142ona druga<\/a><\/p>\n<p><a href=\"https:\/\/www.wroblewski.krakow.pl\/?p=6374\">15.09.2018, Dni Pami\u0119ci Ofiar Gestapo<\/a><\/p>\n<p><a href=\"https:\/\/www.wroblewski.krakow.pl\/?p=6364\">14.09.2018, Dywizjon 303. Historia prawdziwa\u2026<\/a><\/p>","protected":false},"excerpt":{"rendered":"<p>Historii i wiedzy o spo\u0142ecze\u0144stwie uczymy w zakresie podstawowym (klasa A, B, C) lub w zakresie rozszerzonym (klasa D). Nauczyciele s\u0105 egzaminatorami OKE oraz nauczycielami \u0107wiczeniowymi dla student\u00f3w z Uniwersytetu Jagiello\u0144skiego i Uniwersytetu Pedagogicznego. Organizujemy dodatkowe konsultacje dla maturzyst\u00f3w z historii i wiedzy o spo\u0142ecze\u0144stwie oraz matur\u0119 pr\u00f3bn\u0105 z obu przedmiot\u00f3w. Uczniowie szczeg\u00f3lnie zainteresowani histori\u0105 lub wiedz\u0105 o spo\u0142ecze\u0144stwie mog\u0105 uczestniczy\u0107 w konkursach przedmiotowych, olimpiadach i sesjach naukowych. Na lekcjach korzystamy z metody projektu, materia\u0142\u00f3w \u017ar\u00f3d\u0142owych, metody Larpa (WOS), wsp\u00f3\u0142pracujemy z Instytutem Pami\u0119ci Narodowej, Okr\u0119gow\u0105 Izb\u0105 Adwokack\u0105, Stowarzyszeniem Europe 4-You,\u00a0uczestniczymy w ka\u017cdym roku w wyk\u0142adach historycznych prowadzonych przez pracownik\u00f3w naukowych [&hellip;]<\/p>\n","protected":false},"author":5,"featured_media":0,"parent":0,"menu_order":0,"comment_status":"closed","ping_status":"closed","template":"","meta":[],"_links":{"self":[{"href":"https:\/\/www.wroblewski.krakow.pl\/index.php?rest_route=\/wp\/v2\/pages\/3267"}],"collection":[{"href":"https:\/\/www.wroblewski.krakow.pl\/index.php?rest_route=\/wp\/v2\/pages"}],"about":[{"href":"https:\/\/www.wroblewski.krakow.pl\/index.php?rest_route=\/wp\/v2\/types\/page"}],"author":[{"embeddable":true,"href":"https:\/\/www.wroblewski.krakow.pl\/index.php?rest_route=\/wp\/v2\/users\/5"}],"replies":[{"embeddable":true,"href":"https:\/\/www.wroblewski.krakow.pl\/index.php?rest_route=%2Fwp%2Fv2%2Fcomments&post=3267"}],"version-history":[{"count":48,"href":"https:\/\/www.wroblewski.krakow.pl\/index.php?rest_route=\/wp\/v2\/pages\/3267\/revisions"}],"predecessor-version":[{"id":20682,"href":"https:\/\/www.wroblewski.krakow.pl\/index.php?rest_route=\/wp\/v2\/pages\/3267\/revisions\/20682"}],"wp:attachment":[{"href":"https:\/\/www.wroblewski.krakow.pl\/index.php?rest_route=%2Fwp%2Fv2%2Fmedia&parent=3267"}],"curies":[{"name":"wp","href":"https:\/\/api.w.org\/{rel}","templated":true}]}}