{"id":7137,"date":"2018-11-27T18:44:30","date_gmt":"2018-11-27T17:44:30","guid":{"rendered":"https:\/\/www.wroblewski.krakow.pl\/?page_id=7137"},"modified":"2025-09-19T15:05:50","modified_gmt":"2025-09-19T14:05:50","slug":"nauczyciele","status":"publish","type":"page","link":"https:\/\/www.wroblewski.krakow.pl\/?page_id=7137","title":{"rendered":"Nauczyciele"},"content":{"rendered":"<p><strong>Grono Pedagogiczne w roku szkolnym 2025\/ 2026<\/strong><\/p>\n<p><strong>Religia<\/strong><\/p>\n<p>ks. mgr Les\u0142aw KACZMARCZYK<\/p>\n<p><strong>J\u0119zyk polski<\/strong><\/p>\n<p>mgr Dominika PRZEPI\u00d3RKA<\/p>\n<p>mgr Edyta S\u0141AWSKA<\/p>\n<p>mgr Paulina STRUGA\u0141A<\/p>\n<p>dr Agata WOJCIECHOWSKA<\/p>\n<p><strong>J\u0119zyk angielski<\/strong><\/p>\n<p>mgr Tomasz G\u0104SSOWSKI<\/p>\n<p>mgr Iryna HRABOVA<\/p>\n<p>mgr Tomasz KSZCZANOWICZ<\/p>\n<p>mgr Barbara STANEK<\/p>\n<p>mgr Edyta TRZEPA\u0141KOWSKA<\/p>\n<p><strong>J\u0119zyk francuski<\/strong><\/p>\n<p>mgr Renata RADWA\u0143SKA-RAK<\/p>\n<p><strong>J\u0119zyk niemiecki<\/strong><\/p>\n<p>mgr Aleksandra PAGACZ-POCIASK<\/p>\n<p>lic. Mateusz KOWALCZYK-MERKLINGER<\/p>\n<p>mgr Iwona TEKIELAK<\/p>\n<p><strong>J\u0119zyk w\u0142oski<\/strong><\/p>\n<p>mgr Ma\u0142gorzata B\u0118TKOWSKA<\/p>\n<p>mgr Katarzyna BURKIEWICZ<\/p>\n<p>mgr Olga SENETA-NIEMIEC<\/p>\n<p><strong>Historia, Wiedza o spo\u0142ecze\u0144stwie, Edukacja obywatelska<\/strong><\/p>\n<p>mgr Jolanta GURTAT<\/p>\n<p>mgr Marta KOKOSZKA<\/p>\n<p>mgr Ma\u0142gorzata NOWAKOWSKA-MURZYN<\/p>\n<p><strong>Matematyka<\/strong><\/p>\n<p>mgr Magdalena GOSZTY\u0141A<\/p>\n<p>mgr Filip JANICKI<\/p>\n<p>mgr Ma\u0142gorzata MALINOWSKA<\/p>\n<p>mgr Ewa SKIBI\u0143SKA<\/p>\n<p><strong>Fizyka<\/strong><\/p>\n<p>mgr in\u017c. Justyna PALCZEWSKA-GRELA<\/p>\n<p>mgr Justyna TOKARZ<\/p>\n<p><strong>Biologia<\/strong><\/p>\n<p>mgr Monika KURAS<\/p>\n<p>mgr Gabriela W\u0104TOR<\/p>\n<p><strong>Chemia<\/strong><\/p>\n<p>mgr in\u017c. Beata NATKANIEC<\/p>\n<p>mgr in\u017c. Klaudia R\u0104PA\u0141A<\/p>\n<p><strong>Geografia<\/strong><\/p>\n<p>mgr Maja LIBUSZEWSKA<\/p>\n<p>mgr Katarzyna RZEPKA<\/p>\n<p><strong>Informatyka<\/strong><\/p>\n<p>mgr in\u017c. Klaudia R\u0104PA\u0141A<\/p>\n<p>mgr in\u017c. Sylwia R\u00d3ZGA<\/p>\n<p><strong>Edukacja dla bezpiecze\u0144stwa<\/strong><\/p>\n<p>mgr Agnieszka HOMONCIK<\/p>\n<p><strong>Wychowanie fizyczne<\/strong><\/p>\n<p>mgr Teresa KASPRZYK<\/p>\n<p>mgr Grzegorz OBIDOWICZ<\/p>\n<p>mgr Piotr PASIECZNY<\/p>\n<p>mgr Filip STUDZI\u0143SKI<\/p>\n<p><strong>Biznes i zarz\u0105dzanie<br \/>\n<\/strong><\/p>\n<p>mgr Agnieszka HOMONCIK<\/p>\n<p><strong>Edukacja zdrowotna<\/strong><\/p>\n<p>mgr Teresa KASPRZYK<\/p>\n<p>mgr Monika KURAS<\/p>\n<p>mgr Gabriela W\u0104TOR<\/p>\n<p><strong>Muzyka<\/strong><\/p>\n<p>mgr Anna AUGUSTYN<\/p>\n<p><strong>Pedagog specjalny<\/strong><\/p>\n<p>mgr Anna CISOWSKA<\/p>\n<p><strong>Psycholog<\/strong><\/p>\n<p>mgr Weronika TUTAJ<\/p>\n<p>mgr Eliza W\u00d3JCIK<\/p>\n<p><strong>Biblioteka szkolna<\/strong><\/p>\n<p>mgr Renata RADWA\u0143SKA-RAK<\/p>\n<p>mgr Magdalena SKUPIE\u0143 (urlop)<\/p>\n<p><strong>Ch\u00f3r Szkolny<\/strong><\/p>\n<p>mgr\u00a0Anna AUGUSTYN<\/p>\n<p><strong>Teatr Szkolny<\/strong><\/p>\n<p>dr Agata WOJCIECHOWSKA<\/p>\n<p><strong>\u00a0<\/strong><\/p>\n","protected":false},"excerpt":{"rendered":"<p>Grono Pedagogiczne w roku szkolnym 2025\/ 2026 Religia ks. mgr Les\u0142aw KACZMARCZYK J\u0119zyk polski mgr Dominika PRZEPI\u00d3RKA mgr Edyta S\u0141AWSKA mgr Paulina STRUGA\u0141A dr Agata WOJCIECHOWSKA J\u0119zyk angielski mgr Tomasz G\u0104SSOWSKI mgr Iryna HRABOVA mgr Tomasz KSZCZANOWICZ mgr Barbara STANEK mgr Edyta TRZEPA\u0141KOWSKA J\u0119zyk francuski mgr Renata RADWA\u0143SKA-RAK J\u0119zyk niemiecki mgr Aleksandra PAGACZ-POCIASK lic. Mateusz KOWALCZYK-MERKLINGER mgr Iwona TEKIELAK J\u0119zyk w\u0142oski mgr Ma\u0142gorzata B\u0118TKOWSKA mgr Katarzyna BURKIEWICZ mgr Olga SENETA-NIEMIEC Historia, Wiedza o spo\u0142ecze\u0144stwie, Edukacja obywatelska mgr Jolanta GURTAT mgr Marta KOKOSZKA mgr Ma\u0142gorzata NOWAKOWSKA-MURZYN Matematyka mgr Magdalena GOSZTY\u0141A mgr Filip JANICKI mgr Ma\u0142gorzata MALINOWSKA mgr Ewa SKIBI\u0143SKA Fizyka mgr [&hellip;]<\/p>\n","protected":false},"author":2,"featured_media":0,"parent":0,"menu_order":0,"comment_status":"closed","ping_status":"closed","template":"","meta":[],"_links":{"self":[{"href":"https:\/\/www.wroblewski.krakow.pl\/index.php?rest_route=\/wp\/v2\/pages\/7137"}],"collection":[{"href":"https:\/\/www.wroblewski.krakow.pl\/index.php?rest_route=\/wp\/v2\/pages"}],"about":[{"href":"https:\/\/www.wroblewski.krakow.pl\/index.php?rest_route=\/wp\/v2\/types\/page"}],"author":[{"embeddable":true,"href":"https:\/\/www.wroblewski.krakow.pl\/index.php?rest_route=\/wp\/v2\/users\/2"}],"replies":[{"embeddable":true,"href":"https:\/\/www.wroblewski.krakow.pl\/index.php?rest_route=%2Fwp%2Fv2%2Fcomments&post=7137"}],"version-history":[{"count":35,"href":"https:\/\/www.wroblewski.krakow.pl\/index.php?rest_route=\/wp\/v2\/pages\/7137\/revisions"}],"predecessor-version":[{"id":19741,"href":"https:\/\/www.wroblewski.krakow.pl\/index.php?rest_route=\/wp\/v2\/pages\/7137\/revisions\/19741"}],"wp:attachment":[{"href":"https:\/\/www.wroblewski.krakow.pl\/index.php?rest_route=%2Fwp%2Fv2%2Fmedia&parent=7137"}],"curies":[{"name":"wp","href":"https:\/\/api.w.org\/{rel}","templated":true}]}}